{"id":3598,"date":"2025-12-04T10:10:55","date_gmt":"2025-12-04T09:10:55","guid":{"rendered":"https:\/\/www.montreuxjazzshop.com\/?post_type=product&#038;p=3598"},"modified":"2026-01-14T11:16:51","modified_gmt":"2026-01-14T10:16:51","slug":"miami-guitare-acoustique-serie-limitee","status":"publish","type":"product","link":"https:\/\/www.montreuxjazzshop.com\/fr\/boutique\/musique\/guitares\/miami-guitare-acoustique-serie-limitee\/","title":{"rendered":"Miami, Guitare \u00e9lectro-acoustique, S\u00e9rie limit\u00e9e"},"content":{"rendered":"<p><strong>Caract\u00e9ristiques<\/strong><\/p>\n<ul>\n<li>Body: 41&Prime; Dreadnought Shape<\/li>\n<li>Top: Solid Spruce<\/li>\n<li>Back &amp; Side: Mahogany<\/li>\n<li>Finish: Vintage Satin<\/li>\n<li>Neck: Mahogany<\/li>\n<li>Fingerboard: Rosewood<\/li>\n<li>Bridge: Rosewood<\/li>\n<li>Strings: S.I.T. Phosphor Bronze<\/li>\n<li>Tuner: Open Gear<\/li>\n<li>Nut &amp; Saddle: Bone<\/li>\n<li>Electronic: Piezo FISHMAN 101<\/li>\n<\/ul>\n<p><strong>Toutes les guitares sont fournies avec:<\/strong><\/p>\n<ul>\n<li style=\"list-style-type: none;\">\n<ul>\n<li>Un bag de transport<\/li>\n<li>Un premier service offert chez Guitar\u2019s Caf\u00e9 \u2013 Music Shop, Rue de Bourg 13, 1003 Lausanne, +41 77 417 85 95, <a href=\"http:\/\/www.guitarscafe.com\/\">www.guitarscafe.com<\/a><\/li>\n<\/ul>\n<\/li>\n<\/ul>\n","protected":false},"excerpt":{"rendered":"<h3>Montreux Jazz Festival Guitar Collection<\/h3>\n<p>&nbsp;<\/p>\n<p><strong>MIAMI\u00a0<\/strong><br \/>\n<strong>Guitare \u00e9lectro-acoustique<\/strong><br \/>\n<strong>S\u00e9rie limit\u00e9e \u00e0 50 exemplaires<\/strong><\/p>\n<p>Apr\u00e8s avoir lanc\u00e9 sa collection de guitares \u00e9lectriques, le Montreux Jazz Festival d\u00e9voile son tout premier mod\u00e8le \u00e9lectro-acoustique. Floqu\u00e9e du logo officiel du Festival, la MIAMI est baptis\u00e9e ainsi en l\u2019honneur de la derni\u00e8re ville en date \u00e0 avoir accueilli une \u00e9dition internationale du MJF.<\/p>\n<p>De tous temps, le Montreux Jazz Festival a accueilli les ma\u00eetres incontest\u00e9s de la six-cordes, de Carlos Santana \u00e0 Jeff Beck en passant par Stevie Ray Vaughan, Jimmy Page, B.B. King ou Paco de Lucia. Inspir\u00e9 par cet h\u00e9ritage l\u00e9gendaire, le Festival a lanc\u00e9 en 2023 sa propre collection de guitares.<\/p>\n<p><em>Un grand merci \u00e0 l\u2019initiateur et concepteur de ce beau projet, le <strong>Guitar\u2019s Caf\u00e9<\/strong> et la famille <strong>Mazenauer<\/strong>, sans qui cette collection n\u2019aurait pas pu voir le jour. Proche du Festival depuis plusieurs ann\u00e9es, le Guitar\u2019s Caf\u00e9 a notamment fourni des guitares \u00e0 un certain nombre d\u2019artistes ayant foul\u00e9 les sc\u00e8nes du Montreux Jazz Festival.<\/em><\/p>\n","protected":false},"featured_media":1682,"template":"","meta":{"_acf_changed":false},"artist":[],"artist-category":[],"edition":[163],"product_brand":[],"product_cat":[350,345,304],"product_tag":[],"class_list":{"0":"post-3598","1":"product","2":"type-product","3":"status-publish","4":"has-post-thumbnail","6":"edition-163","7":"product_cat-guitares","8":"product_cat-highlights","9":"product_cat-musique","10":"product_shipping_class-enceinte-pr-01","12":"first","13":"instock","14":"sold-individually","15":"taxable","16":"shipping-taxable","17":"purchasable","18":"product-type-simple"},"bundled_by":[],"bundle_stock_status":"instock","bundle_stock_quantity":12,"bundle_virtual":false,"bundle_layout":"","bundle_add_to_cart_form_location":"","bundle_editable_in_cart":false,"bundle_sold_individually_context":"","bundle_item_grouping":"","bundle_min_size":"","bundle_max_size":"","bundle_price":[],"bundled_items":[],"bundle_sell_ids":[],"acf":[],"yoast_head":"<!-- This site is optimized with the Yoast SEO Premium plugin v26.4 (Yoast SEO v27.4) - https:\/\/yoast.com\/product\/yoast-seo-premium-wordpress\/ -->\n<title>Miami, Guitare \u00e9lectro-acoustique, S\u00e9rie limit\u00e9e - Montreux Jazz Festival Shop<\/title>\n<meta name=\"description\" content=\"Guitare electro acoustique Montreux Jazz Music Festival, S\u00e9rie limit\u00e9e Miami. Collaboration Guitar&#039;s Caf\u00e9. B.B. King Paco de Lucia Carlos Santana Jeff Beck\" \/>\n<meta name=\"robots\" content=\"index, follow, max-snippet:-1, max-image-preview:large, max-video-preview:-1\" \/>\n<link rel=\"canonical\" href=\"https:\/\/www.montreuxjazzshop.com\/fr\/boutique\/musique\/guitares\/miami-guitare-acoustique-serie-limitee\/\" \/>\n<meta property=\"og:locale\" content=\"fr_FR\" \/>\n<meta property=\"og:type\" content=\"article\" \/>\n<meta property=\"og:title\" content=\"Miami, Guitare \u00e9lectro-acoustique, S\u00e9rie limit\u00e9e\" \/>\n<meta property=\"og:description\" content=\"Guitare electro acoustique Montreux Jazz Music Festival, S\u00e9rie limit\u00e9e Miami. Collaboration Guitar&#039;s Caf\u00e9. B.B. King Paco de Lucia Carlos Santana Jeff Beck\" \/>\n<meta property=\"og:url\" content=\"https:\/\/www.montreuxjazzshop.com\/fr\/boutique\/musique\/guitares\/miami-guitare-acoustique-serie-limitee\/\" \/>\n<meta property=\"og:site_name\" content=\"Montreux Jazz Festival Shop\" \/>\n<meta property=\"article:publisher\" content=\"https:\/\/www.facebook.com\/montreuxjazzfestival\" \/>\n<meta property=\"article:modified_time\" content=\"2026-01-14T10:16:51+00:00\" \/>\n<meta property=\"og:image\" content=\"https:\/\/www.montreuxjazzshop.com\/wp-content\/uploads\/2025\/05\/MJF24-Guitar-Electro-Acoustique-MIAMI-05.jpg\" \/>\n\t<meta property=\"og:image:width\" content=\"1500\" \/>\n\t<meta property=\"og:image:height\" content=\"1500\" \/>\n\t<meta property=\"og:image:type\" content=\"image\/jpeg\" \/>\n<meta name=\"twitter:card\" content=\"summary_large_image\" \/>\n<meta name=\"twitter:site\" content=\"@MontreuxJazz\" \/>\n<script type=\"application\/ld+json\" class=\"yoast-schema-graph\">{\"@context\":\"https:\\\/\\\/schema.org\",\"@graph\":[{\"@type\":\"WebPage\",\"@id\":\"https:\\\/\\\/www.montreuxjazzshop.com\\\/fr\\\/boutique\\\/musique\\\/guitares\\\/miami-guitare-acoustique-serie-limitee\\\/\",\"url\":\"https:\\\/\\\/www.montreuxjazzshop.com\\\/fr\\\/boutique\\\/musique\\\/guitares\\\/miami-guitare-acoustique-serie-limitee\\\/\",\"name\":\"Miami, Guitare \u00e9lectro-acoustique, S\u00e9rie limit\u00e9e - Montreux Jazz Festival Shop\",\"isPartOf\":{\"@id\":\"https:\\\/\\\/www.montreuxjazzshop.com\\\/fr\\\/#website\"},\"primaryImageOfPage\":{\"@id\":\"https:\\\/\\\/www.montreuxjazzshop.com\\\/fr\\\/boutique\\\/musique\\\/guitares\\\/miami-guitare-acoustique-serie-limitee\\\/#primaryimage\"},\"image\":{\"@id\":\"https:\\\/\\\/www.montreuxjazzshop.com\\\/fr\\\/boutique\\\/musique\\\/guitares\\\/miami-guitare-acoustique-serie-limitee\\\/#primaryimage\"},\"thumbnailUrl\":\"https:\\\/\\\/www.montreuxjazzshop.com\\\/wp-content\\\/uploads\\\/2025\\\/05\\\/MJF24-Guitar-Electro-Acoustique-MIAMI-05.jpg\",\"datePublished\":\"2025-12-04T09:10:55+00:00\",\"dateModified\":\"2026-01-14T10:16:51+00:00\",\"description\":\"Guitare electro acoustique Montreux Jazz Music Festival, S\u00e9rie limit\u00e9e Miami. Collaboration Guitar's Caf\u00e9. B.B. King Paco de Lucia Carlos Santana Jeff Beck\",\"breadcrumb\":{\"@id\":\"https:\\\/\\\/www.montreuxjazzshop.com\\\/fr\\\/boutique\\\/musique\\\/guitares\\\/miami-guitare-acoustique-serie-limitee\\\/#breadcrumb\"},\"inLanguage\":\"fr-FR\",\"potentialAction\":[{\"@type\":\"ReadAction\",\"target\":[\"https:\\\/\\\/www.montreuxjazzshop.com\\\/fr\\\/boutique\\\/musique\\\/guitares\\\/miami-guitare-acoustique-serie-limitee\\\/\"]}]},{\"@type\":\"ImageObject\",\"inLanguage\":\"fr-FR\",\"@id\":\"https:\\\/\\\/www.montreuxjazzshop.com\\\/fr\\\/boutique\\\/musique\\\/guitares\\\/miami-guitare-acoustique-serie-limitee\\\/#primaryimage\",\"url\":\"https:\\\/\\\/www.montreuxjazzshop.com\\\/wp-content\\\/uploads\\\/2025\\\/05\\\/MJF24-Guitar-Electro-Acoustique-MIAMI-05.jpg\",\"contentUrl\":\"https:\\\/\\\/www.montreuxjazzshop.com\\\/wp-content\\\/uploads\\\/2025\\\/05\\\/MJF24-Guitar-Electro-Acoustique-MIAMI-05.jpg\",\"width\":1500,\"height\":1500,\"caption\":\"Une personne aux cheveux fris\u00e9s et aux lunettes joue du Miami, Guitare \u00e9lectro-acoustique, S\u00e9rie limit\u00e9e en plein air au Montreux Jazz. Elle porte un pull sombre et des bagues ; \u00e0 l'arri\u00e8re-plan se trouvent une installation de sc\u00e8ne floue et une grande enseigne.\"},{\"@type\":\"BreadcrumbList\",\"@id\":\"https:\\\/\\\/www.montreuxjazzshop.com\\\/fr\\\/boutique\\\/musique\\\/guitares\\\/miami-guitare-acoustique-serie-limitee\\\/#breadcrumb\",\"itemListElement\":[{\"@type\":\"ListItem\",\"position\":1,\"name\":\"Accueil\",\"item\":\"https:\\\/\\\/www.montreuxjazzshop.com\\\/fr\\\/\"},{\"@type\":\"ListItem\",\"position\":2,\"name\":\"Boutique\",\"item\":\"https:\\\/\\\/www.montreuxjazzshop.com\\\/fr\\\/boutique\\\/\"},{\"@type\":\"ListItem\",\"position\":3,\"name\":\"Miami, Guitare \u00e9lectro-acoustique, S\u00e9rie limit\u00e9e\"}]},{\"@type\":\"WebSite\",\"@id\":\"https:\\\/\\\/www.montreuxjazzshop.com\\\/fr\\\/#website\",\"url\":\"https:\\\/\\\/www.montreuxjazzshop.com\\\/fr\\\/\",\"name\":\"Montreux Jazz Shop\",\"description\":\"The Montreux Jazz Festival shop\",\"potentialAction\":[{\"@type\":\"SearchAction\",\"target\":{\"@type\":\"EntryPoint\",\"urlTemplate\":\"https:\\\/\\\/www.montreuxjazzshop.com\\\/fr\\\/?s={search_term_string}\"},\"query-input\":{\"@type\":\"PropertyValueSpecification\",\"valueRequired\":true,\"valueName\":\"search_term_string\"}}],\"inLanguage\":\"fr-FR\"}]}<\/script>\n<meta property=\"product:price:amount\" content=\"790.00\" \/>\n<meta property=\"product:price:currency\" content=\"CHF\" \/>\n<meta property=\"og:availability\" content=\"instock\" \/>\n<meta property=\"product:availability\" content=\"instock\" \/>\n<meta property=\"product:retailer_item_id\" content=\"6500300002024\" \/>\n<meta property=\"product:condition\" content=\"new\" \/>\n<!-- \/ Yoast SEO Premium plugin. -->","yoast_head_json":{"title":"Miami, Guitare \u00e9lectro-acoustique, S\u00e9rie limit\u00e9e - Montreux Jazz Festival Shop","description":"Guitare electro acoustique Montreux Jazz Music Festival, S\u00e9rie limit\u00e9e Miami. Collaboration Guitar's Caf\u00e9. B.B. King Paco de Lucia Carlos Santana Jeff Beck","robots":{"index":"index","follow":"follow","max-snippet":"max-snippet:-1","max-image-preview":"max-image-preview:large","max-video-preview":"max-video-preview:-1"},"canonical":"https:\/\/www.montreuxjazzshop.com\/fr\/boutique\/musique\/guitares\/miami-guitare-acoustique-serie-limitee\/","og_locale":"fr_FR","og_type":"article","og_title":"Miami, Guitare \u00e9lectro-acoustique, S\u00e9rie limit\u00e9e","og_description":"Guitare electro acoustique Montreux Jazz Music Festival, S\u00e9rie limit\u00e9e Miami. Collaboration Guitar's Caf\u00e9. B.B. King Paco de Lucia Carlos Santana Jeff Beck","og_url":"https:\/\/www.montreuxjazzshop.com\/fr\/boutique\/musique\/guitares\/miami-guitare-acoustique-serie-limitee\/","og_site_name":"Montreux Jazz Festival Shop","article_publisher":"https:\/\/www.facebook.com\/montreuxjazzfestival","article_modified_time":"2026-01-14T10:16:51+00:00","og_image":[{"width":1500,"height":1500,"url":"https:\/\/www.montreuxjazzshop.com\/wp-content\/uploads\/2025\/05\/MJF24-Guitar-Electro-Acoustique-MIAMI-05.jpg","type":"image\/jpeg"}],"twitter_card":"summary_large_image","twitter_site":"@MontreuxJazz","schema":{"@context":"https:\/\/schema.org","@graph":[{"@type":"WebPage","@id":"https:\/\/www.montreuxjazzshop.com\/fr\/boutique\/musique\/guitares\/miami-guitare-acoustique-serie-limitee\/","url":"https:\/\/www.montreuxjazzshop.com\/fr\/boutique\/musique\/guitares\/miami-guitare-acoustique-serie-limitee\/","name":"Miami, Guitare \u00e9lectro-acoustique, S\u00e9rie limit\u00e9e - Montreux Jazz Festival Shop","isPartOf":{"@id":"https:\/\/www.montreuxjazzshop.com\/fr\/#website"},"primaryImageOfPage":{"@id":"https:\/\/www.montreuxjazzshop.com\/fr\/boutique\/musique\/guitares\/miami-guitare-acoustique-serie-limitee\/#primaryimage"},"image":{"@id":"https:\/\/www.montreuxjazzshop.com\/fr\/boutique\/musique\/guitares\/miami-guitare-acoustique-serie-limitee\/#primaryimage"},"thumbnailUrl":"https:\/\/www.montreuxjazzshop.com\/wp-content\/uploads\/2025\/05\/MJF24-Guitar-Electro-Acoustique-MIAMI-05.jpg","datePublished":"2025-12-04T09:10:55+00:00","dateModified":"2026-01-14T10:16:51+00:00","description":"Guitare electro acoustique Montreux Jazz Music Festival, S\u00e9rie limit\u00e9e Miami. Collaboration Guitar's Caf\u00e9. B.B. King Paco de Lucia Carlos Santana Jeff Beck","breadcrumb":{"@id":"https:\/\/www.montreuxjazzshop.com\/fr\/boutique\/musique\/guitares\/miami-guitare-acoustique-serie-limitee\/#breadcrumb"},"inLanguage":"fr-FR","potentialAction":[{"@type":"ReadAction","target":["https:\/\/www.montreuxjazzshop.com\/fr\/boutique\/musique\/guitares\/miami-guitare-acoustique-serie-limitee\/"]}]},{"@type":"ImageObject","inLanguage":"fr-FR","@id":"https:\/\/www.montreuxjazzshop.com\/fr\/boutique\/musique\/guitares\/miami-guitare-acoustique-serie-limitee\/#primaryimage","url":"https:\/\/www.montreuxjazzshop.com\/wp-content\/uploads\/2025\/05\/MJF24-Guitar-Electro-Acoustique-MIAMI-05.jpg","contentUrl":"https:\/\/www.montreuxjazzshop.com\/wp-content\/uploads\/2025\/05\/MJF24-Guitar-Electro-Acoustique-MIAMI-05.jpg","width":1500,"height":1500,"caption":"Une personne aux cheveux fris\u00e9s et aux lunettes joue du Miami, Guitare \u00e9lectro-acoustique, S\u00e9rie limit\u00e9e en plein air au Montreux Jazz. Elle porte un pull sombre et des bagues ; \u00e0 l'arri\u00e8re-plan se trouvent une installation de sc\u00e8ne floue et une grande enseigne."},{"@type":"BreadcrumbList","@id":"https:\/\/www.montreuxjazzshop.com\/fr\/boutique\/musique\/guitares\/miami-guitare-acoustique-serie-limitee\/#breadcrumb","itemListElement":[{"@type":"ListItem","position":1,"name":"Accueil","item":"https:\/\/www.montreuxjazzshop.com\/fr\/"},{"@type":"ListItem","position":2,"name":"Boutique","item":"https:\/\/www.montreuxjazzshop.com\/fr\/boutique\/"},{"@type":"ListItem","position":3,"name":"Miami, Guitare \u00e9lectro-acoustique, S\u00e9rie limit\u00e9e"}]},{"@type":"WebSite","@id":"https:\/\/www.montreuxjazzshop.com\/fr\/#website","url":"https:\/\/www.montreuxjazzshop.com\/fr\/","name":"Montreux Jazz Shop","description":"The Montreux Jazz Festival shop","potentialAction":[{"@type":"SearchAction","target":{"@type":"EntryPoint","urlTemplate":"https:\/\/www.montreuxjazzshop.com\/fr\/?s={search_term_string}"},"query-input":{"@type":"PropertyValueSpecification","valueRequired":true,"valueName":"search_term_string"}}],"inLanguage":"fr-FR"}]},"product_price_amount":"790.00","product_price_currency":"CHF","og_availability":"instock","product_availability":"instock","product_retailer_item_id":"6500300002024","product_condition":"new"},"_links":{"self":[{"href":"https:\/\/www.montreuxjazzshop.com\/fr\/wp-json\/wp\/v2\/product\/3598","targetHints":{"allow":["GET"]}}],"collection":[{"href":"https:\/\/www.montreuxjazzshop.com\/fr\/wp-json\/wp\/v2\/product"}],"about":[{"href":"https:\/\/www.montreuxjazzshop.com\/fr\/wp-json\/wp\/v2\/types\/product"}],"wp:featuredmedia":[{"embeddable":true,"href":"https:\/\/www.montreuxjazzshop.com\/fr\/wp-json\/wp\/v2\/media\/1682"}],"wp:attachment":[{"href":"https:\/\/www.montreuxjazzshop.com\/fr\/wp-json\/wp\/v2\/media?parent=3598"}],"wp:term":[{"taxonomy":"artist","embeddable":true,"href":"https:\/\/www.montreuxjazzshop.com\/fr\/wp-json\/wp\/v2\/artist?post=3598"},{"taxonomy":"artist-category","embeddable":true,"href":"https:\/\/www.montreuxjazzshop.com\/fr\/wp-json\/wp\/v2\/artist-category?post=3598"},{"taxonomy":"edition","embeddable":true,"href":"https:\/\/www.montreuxjazzshop.com\/fr\/wp-json\/wp\/v2\/edition?post=3598"},{"taxonomy":"product_brand","embeddable":true,"href":"https:\/\/www.montreuxjazzshop.com\/fr\/wp-json\/wp\/v2\/product_brand?post=3598"},{"taxonomy":"product_cat","embeddable":true,"href":"https:\/\/www.montreuxjazzshop.com\/fr\/wp-json\/wp\/v2\/product_cat?post=3598"},{"taxonomy":"product_tag","embeddable":true,"href":"https:\/\/www.montreuxjazzshop.com\/fr\/wp-json\/wp\/v2\/product_tag?post=3598"}],"curies":[{"name":"wp","href":"https:\/\/api.w.org\/{rel}","templated":true}]}}