{"id":3352,"date":"2025-09-11T15:19:30","date_gmt":"2025-09-11T13:19:30","guid":{"rendered":"https:\/\/www.montreuxjazzshop.com\/?post_type=product&#038;p=3352"},"modified":"2026-01-14T11:02:12","modified_gmt":"2026-01-14T10:02:12","slug":"monty-alexander-the-montreux-years-cd","status":"publish","type":"product","link":"https:\/\/www.montreuxjazzshop.com\/fr\/boutique\/music\/cd-dvd\/monty-alexander-the-montreux-years-cd\/","title":{"rendered":"Monty Alexander, The Montreux Years, CD"},"content":{"rendered":"<ul>\n<li>1 CD<\/li>\n<\/ul>\n<p>Expertly restored and remastered in superlative HD audio; The Montreux Years is released on superior audiophile heavy weight vinyl, MQA quality CD and in HD digital.<\/p>\n<ol>\n<li>The Serpent (Live &#8211; Montreux Jazz Festival 1995) 05:48<\/li>\n<li>The Work Song (Live &#8211; Montreux Jazz Festival 2016) 07:53<\/li>\n<li>Hurricane Come and Gone (Live &#8211; Montreux Jazz Festival 2016) 09:49<\/li>\n<li>Night Mist Blues (Live &#8211; Montreux Jazz Festival 2014) 08:14<\/li>\n<li>Linstead Market (Live &#8211; Montreux Jazz Festival 1993) 08:34<\/li>\n<li>Crying (Live &#8211; Montreux Jazz Festival 1995) 07:45<\/li>\n<li>No Woman No Cry \/ Get Up Stand Up (Medley) (Live &#8211; Montreux Jazz Festival 2014) 08:14<\/li>\n<li>Renewal (Live &#8211; Montreux Jazz Festival 1993) 09:46<\/li>\n<li>A Nod to Bob (Live &#8211; Montreux Jazz Festival 1995) 11:58<\/li>\n<\/ol>\n","protected":false},"excerpt":{"rendered":"<p>Une vitrine des performances live embl\u00e9matiques de Monty Alexander au Montreux Jazz Festival, couvrant quatre d\u00e9cennies de sa carri\u00e8re de 1976 \u00e0 2016.<\/p>\n<p>L&rsquo;audio a \u00e9t\u00e9 restaur\u00e9 et remast\u00e9ris\u00e9 de mani\u00e8re experte en haute d\u00e9finition; \u00abThe Montreux Years\u00bb est publi\u00e9 sur un vinyle audiophile de qualit\u00e9 sup\u00e9rieure, un CD de qualit\u00e9 MQA et en num\u00e9rique HD. Des notes in\u00e9dites bas\u00e9es sur une interview de Monty Alexander ont \u00e9t\u00e9 r\u00e9dig\u00e9es pour cette sortie, qui comprend \u00e9galement des photos rares de ses concerts \u00e0 Montreux.<\/p>\n<p>Le Montreux Jazz Festival et BMG lancent une s\u00e9rie d\u2019albums appel\u00e9e \u00abThe Montreux Years\u00bb, issue de la vaste collection audiovisuelle du fondateur du Festival, Claude Nobs (Montreux Sounds). Puisant dans les 56 ans d\u2019histoire du Montreux Jazz Festival, la s\u00e9rie \u00abThe Montreux Years\u00bb d\u00e9voile des enregistrements rares et in\u00e9dits, compilant des performances l\u00e9gendaires d\u2019artistes embl\u00e9matiques sur plusieurs ann\u00e9es.<\/p>\n","protected":false},"featured_media":886,"template":"","meta":{"_acf_changed":false},"artist":[],"artist-category":[],"edition":[167],"product_brand":[],"product_cat":[324,315,316],"product_tag":[],"class_list":{"0":"post-3352","1":"product","2":"type-product","3":"status-publish","4":"has-post-thumbnail","6":"edition-167","7":"product_cat-cd-dvd","8":"product_cat-music","9":"product_cat-vinyls","10":"product_shipping_class-petits-objets-et-dvd","12":"first","13":"instock","14":"taxable","15":"shipping-taxable","16":"purchasable","17":"product-type-simple"},"bundled_by":[],"bundle_stock_status":"instock","bundle_stock_quantity":2,"bundle_virtual":false,"bundle_layout":"","bundle_add_to_cart_form_location":"","bundle_editable_in_cart":false,"bundle_sold_individually_context":"","bundle_item_grouping":"","bundle_min_size":"","bundle_max_size":"","bundle_price":[],"bundled_items":[],"bundle_sell_ids":[],"acf":[],"yoast_head":"<!-- This site is optimized with the Yoast SEO Premium plugin v26.4 (Yoast SEO v27.4) - https:\/\/yoast.com\/product\/yoast-seo-premium-wordpress\/ -->\n<title>Monty Alexander, The Montreux Years, CD - Montreux Jazz Festival Shop<\/title>\n<meta name=\"description\" content=\"Monty Alexander CD live avec une belle s\u00e9lection au Montreux Jazz Music Festival, couvrant quatre d\u00e9cennies de 1976 \u00e0 2016. The Montreux Years.\" \/>\n<meta name=\"robots\" content=\"index, follow, max-snippet:-1, max-image-preview:large, max-video-preview:-1\" \/>\n<link rel=\"canonical\" href=\"https:\/\/www.montreuxjazzshop.com\/fr\/boutique\/music\/cd-dvd\/monty-alexander-the-montreux-years-cd\/\" \/>\n<meta property=\"og:locale\" content=\"fr_FR\" \/>\n<meta property=\"og:type\" content=\"article\" \/>\n<meta property=\"og:title\" content=\"Monty Alexander, The Montreux Years, CD\" \/>\n<meta property=\"og:description\" content=\"Monty Alexander CD live avec une belle s\u00e9lection au Montreux Jazz Music Festival, couvrant quatre d\u00e9cennies de 1976 \u00e0 2016. The Montreux Years.\" \/>\n<meta property=\"og:url\" content=\"https:\/\/www.montreuxjazzshop.com\/fr\/boutique\/music\/cd-dvd\/monty-alexander-the-montreux-years-cd\/\" \/>\n<meta property=\"og:site_name\" content=\"Montreux Jazz Festival Shop\" \/>\n<meta property=\"article:publisher\" content=\"https:\/\/www.facebook.com\/montreuxjazzfestival\" \/>\n<meta property=\"article:modified_time\" content=\"2026-01-14T10:02:12+00:00\" \/>\n<meta property=\"og:image\" content=\"https:\/\/www.montreuxjazzshop.com\/wp-content\/uploads\/2025\/05\/MONTY-ALEXANDER_THE-MONTREUX-YEARS_CD_4050538767278_EXPLODED.jpg\" \/>\n\t<meta property=\"og:image:width\" content=\"1500\" \/>\n\t<meta property=\"og:image:height\" content=\"1500\" \/>\n\t<meta property=\"og:image:type\" content=\"image\/jpeg\" \/>\n<meta name=\"twitter:card\" content=\"summary_large_image\" \/>\n<meta name=\"twitter:site\" content=\"@MontreuxJazz\" \/>\n<script type=\"application\/ld+json\" class=\"yoast-schema-graph\">{\"@context\":\"https:\\\/\\\/schema.org\",\"@graph\":[{\"@type\":\"WebPage\",\"@id\":\"https:\\\/\\\/www.montreuxjazzshop.com\\\/fr\\\/boutique\\\/music\\\/cd-dvd\\\/monty-alexander-the-montreux-years-cd\\\/\",\"url\":\"https:\\\/\\\/www.montreuxjazzshop.com\\\/fr\\\/boutique\\\/music\\\/cd-dvd\\\/monty-alexander-the-montreux-years-cd\\\/\",\"name\":\"Monty Alexander, The Montreux Years, CD - Montreux Jazz Festival Shop\",\"isPartOf\":{\"@id\":\"https:\\\/\\\/www.montreuxjazzshop.com\\\/fr\\\/#website\"},\"primaryImageOfPage\":{\"@id\":\"https:\\\/\\\/www.montreuxjazzshop.com\\\/fr\\\/boutique\\\/music\\\/cd-dvd\\\/monty-alexander-the-montreux-years-cd\\\/#primaryimage\"},\"image\":{\"@id\":\"https:\\\/\\\/www.montreuxjazzshop.com\\\/fr\\\/boutique\\\/music\\\/cd-dvd\\\/monty-alexander-the-montreux-years-cd\\\/#primaryimage\"},\"thumbnailUrl\":\"https:\\\/\\\/www.montreuxjazzshop.com\\\/wp-content\\\/uploads\\\/2025\\\/05\\\/MONTY-ALEXANDER_THE-MONTREUX-YEARS_CD_4050538767278_EXPLODED.jpg\",\"datePublished\":\"2025-09-11T13:19:30+00:00\",\"dateModified\":\"2026-01-14T10:02:12+00:00\",\"description\":\"Monty Alexander CD live avec une belle s\u00e9lection au Montreux Jazz Music Festival, couvrant quatre d\u00e9cennies de 1976 \u00e0 2016. The Montreux Years.\",\"breadcrumb\":{\"@id\":\"https:\\\/\\\/www.montreuxjazzshop.com\\\/fr\\\/boutique\\\/music\\\/cd-dvd\\\/monty-alexander-the-montreux-years-cd\\\/#breadcrumb\"},\"inLanguage\":\"fr-FR\",\"potentialAction\":[{\"@type\":\"ReadAction\",\"target\":[\"https:\\\/\\\/www.montreuxjazzshop.com\\\/fr\\\/boutique\\\/music\\\/cd-dvd\\\/monty-alexander-the-montreux-years-cd\\\/\"]}]},{\"@type\":\"ImageObject\",\"inLanguage\":\"fr-FR\",\"@id\":\"https:\\\/\\\/www.montreuxjazzshop.com\\\/fr\\\/boutique\\\/music\\\/cd-dvd\\\/monty-alexander-the-montreux-years-cd\\\/#primaryimage\",\"url\":\"https:\\\/\\\/www.montreuxjazzshop.com\\\/wp-content\\\/uploads\\\/2025\\\/05\\\/MONTY-ALEXANDER_THE-MONTREUX-YEARS_CD_4050538767278_EXPLODED.jpg\",\"contentUrl\":\"https:\\\/\\\/www.montreuxjazzshop.com\\\/wp-content\\\/uploads\\\/2025\\\/05\\\/MONTY-ALEXANDER_THE-MONTREUX-YEARS_CD_4050538767278_EXPLODED.jpg\",\"width\":1500,\"height\":1500,\"caption\":\"Le CD Monty Alexander, The Montreux Years pr\u00e9sente sa photo sur un bo\u00eetier rouge et noir, le CD \u00e9tant partiellement visible derri\u00e8re la pochette.\"},{\"@type\":\"BreadcrumbList\",\"@id\":\"https:\\\/\\\/www.montreuxjazzshop.com\\\/fr\\\/boutique\\\/music\\\/cd-dvd\\\/monty-alexander-the-montreux-years-cd\\\/#breadcrumb\",\"itemListElement\":[{\"@type\":\"ListItem\",\"position\":1,\"name\":\"Accueil\",\"item\":\"https:\\\/\\\/www.montreuxjazzshop.com\\\/fr\\\/\"},{\"@type\":\"ListItem\",\"position\":2,\"name\":\"Boutique\",\"item\":\"https:\\\/\\\/www.montreuxjazzshop.com\\\/fr\\\/boutique\\\/\"},{\"@type\":\"ListItem\",\"position\":3,\"name\":\"Monty Alexander, The Montreux Years, CD\"}]},{\"@type\":\"WebSite\",\"@id\":\"https:\\\/\\\/www.montreuxjazzshop.com\\\/fr\\\/#website\",\"url\":\"https:\\\/\\\/www.montreuxjazzshop.com\\\/fr\\\/\",\"name\":\"Montreux Jazz Shop\",\"description\":\"The Montreux Jazz Festival shop\",\"potentialAction\":[{\"@type\":\"SearchAction\",\"target\":{\"@type\":\"EntryPoint\",\"urlTemplate\":\"https:\\\/\\\/www.montreuxjazzshop.com\\\/fr\\\/?s={search_term_string}\"},\"query-input\":{\"@type\":\"PropertyValueSpecification\",\"valueRequired\":true,\"valueName\":\"search_term_string\"}}],\"inLanguage\":\"fr-FR\"}]}<\/script>\n<meta property=\"product:price:amount\" content=\"25.00\" \/>\n<meta property=\"product:price:currency\" content=\"CHF\" \/>\n<meta property=\"og:availability\" content=\"instock\" \/>\n<meta property=\"product:availability\" content=\"instock\" \/>\n<meta property=\"product:retailer_item_id\" content=\"4050538767278\" \/>\n<meta property=\"product:condition\" content=\"new\" \/>\n<!-- \/ Yoast SEO Premium plugin. -->","yoast_head_json":{"title":"Monty Alexander, The Montreux Years, CD - Montreux Jazz Festival Shop","description":"Monty Alexander CD live avec une belle s\u00e9lection au Montreux Jazz Music Festival, couvrant quatre d\u00e9cennies de 1976 \u00e0 2016. The Montreux Years.","robots":{"index":"index","follow":"follow","max-snippet":"max-snippet:-1","max-image-preview":"max-image-preview:large","max-video-preview":"max-video-preview:-1"},"canonical":"https:\/\/www.montreuxjazzshop.com\/fr\/boutique\/music\/cd-dvd\/monty-alexander-the-montreux-years-cd\/","og_locale":"fr_FR","og_type":"article","og_title":"Monty Alexander, The Montreux Years, CD","og_description":"Monty Alexander CD live avec une belle s\u00e9lection au Montreux Jazz Music Festival, couvrant quatre d\u00e9cennies de 1976 \u00e0 2016. The Montreux Years.","og_url":"https:\/\/www.montreuxjazzshop.com\/fr\/boutique\/music\/cd-dvd\/monty-alexander-the-montreux-years-cd\/","og_site_name":"Montreux Jazz Festival Shop","article_publisher":"https:\/\/www.facebook.com\/montreuxjazzfestival","article_modified_time":"2026-01-14T10:02:12+00:00","og_image":[{"width":1500,"height":1500,"url":"https:\/\/www.montreuxjazzshop.com\/wp-content\/uploads\/2025\/05\/MONTY-ALEXANDER_THE-MONTREUX-YEARS_CD_4050538767278_EXPLODED.jpg","type":"image\/jpeg"}],"twitter_card":"summary_large_image","twitter_site":"@MontreuxJazz","schema":{"@context":"https:\/\/schema.org","@graph":[{"@type":"WebPage","@id":"https:\/\/www.montreuxjazzshop.com\/fr\/boutique\/music\/cd-dvd\/monty-alexander-the-montreux-years-cd\/","url":"https:\/\/www.montreuxjazzshop.com\/fr\/boutique\/music\/cd-dvd\/monty-alexander-the-montreux-years-cd\/","name":"Monty Alexander, The Montreux Years, CD - Montreux Jazz Festival Shop","isPartOf":{"@id":"https:\/\/www.montreuxjazzshop.com\/fr\/#website"},"primaryImageOfPage":{"@id":"https:\/\/www.montreuxjazzshop.com\/fr\/boutique\/music\/cd-dvd\/monty-alexander-the-montreux-years-cd\/#primaryimage"},"image":{"@id":"https:\/\/www.montreuxjazzshop.com\/fr\/boutique\/music\/cd-dvd\/monty-alexander-the-montreux-years-cd\/#primaryimage"},"thumbnailUrl":"https:\/\/www.montreuxjazzshop.com\/wp-content\/uploads\/2025\/05\/MONTY-ALEXANDER_THE-MONTREUX-YEARS_CD_4050538767278_EXPLODED.jpg","datePublished":"2025-09-11T13:19:30+00:00","dateModified":"2026-01-14T10:02:12+00:00","description":"Monty Alexander CD live avec une belle s\u00e9lection au Montreux Jazz Music Festival, couvrant quatre d\u00e9cennies de 1976 \u00e0 2016. The Montreux Years.","breadcrumb":{"@id":"https:\/\/www.montreuxjazzshop.com\/fr\/boutique\/music\/cd-dvd\/monty-alexander-the-montreux-years-cd\/#breadcrumb"},"inLanguage":"fr-FR","potentialAction":[{"@type":"ReadAction","target":["https:\/\/www.montreuxjazzshop.com\/fr\/boutique\/music\/cd-dvd\/monty-alexander-the-montreux-years-cd\/"]}]},{"@type":"ImageObject","inLanguage":"fr-FR","@id":"https:\/\/www.montreuxjazzshop.com\/fr\/boutique\/music\/cd-dvd\/monty-alexander-the-montreux-years-cd\/#primaryimage","url":"https:\/\/www.montreuxjazzshop.com\/wp-content\/uploads\/2025\/05\/MONTY-ALEXANDER_THE-MONTREUX-YEARS_CD_4050538767278_EXPLODED.jpg","contentUrl":"https:\/\/www.montreuxjazzshop.com\/wp-content\/uploads\/2025\/05\/MONTY-ALEXANDER_THE-MONTREUX-YEARS_CD_4050538767278_EXPLODED.jpg","width":1500,"height":1500,"caption":"Le CD Monty Alexander, The Montreux Years pr\u00e9sente sa photo sur un bo\u00eetier rouge et noir, le CD \u00e9tant partiellement visible derri\u00e8re la pochette."},{"@type":"BreadcrumbList","@id":"https:\/\/www.montreuxjazzshop.com\/fr\/boutique\/music\/cd-dvd\/monty-alexander-the-montreux-years-cd\/#breadcrumb","itemListElement":[{"@type":"ListItem","position":1,"name":"Accueil","item":"https:\/\/www.montreuxjazzshop.com\/fr\/"},{"@type":"ListItem","position":2,"name":"Boutique","item":"https:\/\/www.montreuxjazzshop.com\/fr\/boutique\/"},{"@type":"ListItem","position":3,"name":"Monty Alexander, The Montreux Years, CD"}]},{"@type":"WebSite","@id":"https:\/\/www.montreuxjazzshop.com\/fr\/#website","url":"https:\/\/www.montreuxjazzshop.com\/fr\/","name":"Montreux Jazz Shop","description":"The Montreux Jazz Festival shop","potentialAction":[{"@type":"SearchAction","target":{"@type":"EntryPoint","urlTemplate":"https:\/\/www.montreuxjazzshop.com\/fr\/?s={search_term_string}"},"query-input":{"@type":"PropertyValueSpecification","valueRequired":true,"valueName":"search_term_string"}}],"inLanguage":"fr-FR"}]},"product_price_amount":"25.00","product_price_currency":"CHF","og_availability":"instock","product_availability":"instock","product_retailer_item_id":"4050538767278","product_condition":"new"},"_links":{"self":[{"href":"https:\/\/www.montreuxjazzshop.com\/fr\/wp-json\/wp\/v2\/product\/3352","targetHints":{"allow":["GET"]}}],"collection":[{"href":"https:\/\/www.montreuxjazzshop.com\/fr\/wp-json\/wp\/v2\/product"}],"about":[{"href":"https:\/\/www.montreuxjazzshop.com\/fr\/wp-json\/wp\/v2\/types\/product"}],"wp:featuredmedia":[{"embeddable":true,"href":"https:\/\/www.montreuxjazzshop.com\/fr\/wp-json\/wp\/v2\/media\/886"}],"wp:attachment":[{"href":"https:\/\/www.montreuxjazzshop.com\/fr\/wp-json\/wp\/v2\/media?parent=3352"}],"wp:term":[{"taxonomy":"artist","embeddable":true,"href":"https:\/\/www.montreuxjazzshop.com\/fr\/wp-json\/wp\/v2\/artist?post=3352"},{"taxonomy":"artist-category","embeddable":true,"href":"https:\/\/www.montreuxjazzshop.com\/fr\/wp-json\/wp\/v2\/artist-category?post=3352"},{"taxonomy":"edition","embeddable":true,"href":"https:\/\/www.montreuxjazzshop.com\/fr\/wp-json\/wp\/v2\/edition?post=3352"},{"taxonomy":"product_brand","embeddable":true,"href":"https:\/\/www.montreuxjazzshop.com\/fr\/wp-json\/wp\/v2\/product_brand?post=3352"},{"taxonomy":"product_cat","embeddable":true,"href":"https:\/\/www.montreuxjazzshop.com\/fr\/wp-json\/wp\/v2\/product_cat?post=3352"},{"taxonomy":"product_tag","embeddable":true,"href":"https:\/\/www.montreuxjazzshop.com\/fr\/wp-json\/wp\/v2\/product_tag?post=3352"}],"curies":[{"name":"wp","href":"https:\/\/api.w.org\/{rel}","templated":true}]}}