{"id":2,"date":"2025-05-07T14:38:11","date_gmt":"2025-05-07T12:38:11","guid":{"rendered":"https:\/\/www.montreuxjazzshop.com\/?page_id=2"},"modified":"2026-03-20T09:49:41","modified_gmt":"2026-03-20T08:49:41","slug":"page-d-exemple","status":"publish","type":"page","link":"https:\/\/www.montreuxjazzshop.com\/fr\/","title":{"rendered":"Home"},"content":{"rendered":"\n    <div  class=\" alignfull\">\n        <div class=\"acf-innerblocks-container\">\n\n<div class=\"wp-block-media-text alignfull is-stacked-on-mobile has-text-color has-background has-link-color wp-elements-dd6e47d610eb2528e428b31c1503c3f3\" style=\"color:#ffffff;background-color:#2a71a1;margin-right:0;margin-left:0;padding-top:0;padding-right:0;padding-bottom:0;padding-left:0\"><figure class=\"wp-block-media-text__media\"><img loading=\"lazy\" decoding=\"async\" width=\"1024\" height=\"770\" src=\"https:\/\/www.montreuxjazzshop.com\/wp-content\/smush-webp\/2026\/03\/MJF26-Davide-Bowie-Live-at-montreux-1024x770.jpg.webp\" alt=\"Le double coffret vinyle &quot;David Bowie, Live in Montreux 2002, The Montreux Years&quot; est pr\u00e9sent\u00e9 sur fond bleu. Il comprend deux disques avec une pochette en gras, une illustration abstraite en forme d'\u00e9toile et une photo en noir et blanc du concert de Bowie.\" class=\"wp-image-105678 size-full\" srcset=\"https:\/\/www.montreuxjazzshop.com\/wp-content\/smush-webp\/2026\/03\/MJF26-Davide-Bowie-Live-at-montreux-1024x770.jpg.webp 1024w, https:\/\/www.montreuxjazzshop.com\/wp-content\/smush-webp\/2026\/03\/MJF26-Davide-Bowie-Live-at-montreux-300x226.jpg.webp 300w, https:\/\/www.montreuxjazzshop.com\/wp-content\/smush-webp\/2026\/03\/MJF26-Davide-Bowie-Live-at-montreux-768x577.jpg.webp 768w, https:\/\/www.montreuxjazzshop.com\/wp-content\/smush-webp\/2026\/03\/MJF26-Davide-Bowie-Live-at-montreux-1536x1155.jpg.webp 1536w, https:\/\/www.montreuxjazzshop.com\/wp-content\/smush-webp\/2026\/03\/MJF26-Davide-Bowie-Live-at-montreux-2048x1540.jpg.webp 2048w, https:\/\/www.montreuxjazzshop.com\/wp-content\/smush-webp\/2026\/03\/MJF26-Davide-Bowie-Live-at-montreux-600x451.jpg.webp 600w\" sizes=\"auto, (max-width: 1024px) 100vw, 1024px\" \/><\/figure><div class=\"wp-block-media-text__content\">\n<div class=\"wp-block-group has-global-padding is-layout-constrained wp-container-core-group-is-layout-e6038ede wp-block-group-is-layout-constrained\" style=\"padding-top:var(--wp--preset--spacing--30);padding-bottom:var(--wp--preset--spacing--30)\">\n<h3 class=\"wp-block-heading has-medium-font-size\" id=\"h-edition-limitee-swiss-only-1500-exemplaires\" style=\"font-style:normal;font-weight:400\">\u00c9DITION LIMIT\u00c9E SWISS ONLY \u2013 1500 EXEMPLAIRES<\/h3>\n\n\n\n<h2 class=\"wp-block-heading has-xx-large-font-size\" id=\"h-the-montreux-years-presente-david-bowie-live-in-montreux-2002\">The Montreux Years pr\u00e9sente: David Bowie Live in Montreux 2002<\/h2>\n\n\n\n<div class=\"wp-block-buttons is-layout-flex wp-block-buttons-is-layout-flex\">\n<div class=\"wp-block-button is-style-fill\"><a class=\"wp-block-button__link has-primary-color has-gray-100-background-color has-text-color has-background has-link-color wp-element-button\" href=\"https:\/\/www.montreuxjazzshop.com\/fr\/boutique\/musique\/vinyls-fr\/david-bowie-live-in-montreux-2002-the-montreux-years-double-vinyle\/\">Acheter<\/a><\/div>\n<\/div>\n<\/div>\n<\/div><\/div>\n\n\n\n<div style=\"height:100px\" aria-hidden=\"true\" class=\"wp-block-spacer\"><\/div>\n\n<\/div>\n    <\/div>\n\n\n\n<div class=\"wp-block-group alignfull gm-home__hero is-layout-flow wp-container-core-group-is-layout-d3581655 wp-block-group-is-layout-flow\" style=\"padding-right:var(--wp--preset--spacing--50);padding-left:var(--wp--preset--spacing--50)\">\n<div class=\"wp-block-media-text alignfull has-media-on-the-right is-stacked-on-mobile has-primary-background-color has-text-color has-background has-link-color wp-elements-9624db8a797df13a7e323fef8c77347f\" style=\"color:#ffffff;margin-right:0;margin-left:0;padding-top:0;padding-right:0;padding-bottom:0;padding-left:0\"><div class=\"wp-block-media-text__content\">\n<div class=\"wp-block-group has-global-padding is-layout-constrained wp-container-core-group-is-layout-e6038ede wp-block-group-is-layout-constrained\" style=\"padding-top:var(--wp--preset--spacing--30);padding-bottom:var(--wp--preset--spacing--30)\">\n<h3 class=\"wp-block-heading has-text-color has-link-color has-medium-font-size wp-elements-3caf230b84adf347c32205aa83c89888\" id=\"h-60e-montreux-jazz-festival\" style=\"color:#e6fe59;font-style:normal;font-weight:400\">60e MONTREUX JAZZ FESTIVAL<\/h3>\n\n\n\n<h2 class=\"wp-block-heading has-text-color has-link-color has-xx-large-font-size wp-elements-96d920ffe6339f789fb4dd9b33d72bec\" id=\"h-une-affiche-haute-couture-signee-kevin-germanier\" style=\"color:#e6fe59\">Une affiche Haute Couture sign\u00e9e K\u00e9vin Germanier<\/h2>\n\n\n\n<div class=\"wp-block-buttons is-layout-flex wp-block-buttons-is-layout-flex\">\n<div class=\"wp-block-button is-style-fill\"><a class=\"wp-block-button__link has-primary-color has-gray-100-background-color has-text-color has-background has-link-color wp-element-button\" href=\"https:\/\/www.montreuxjazzshop.com\/fr\/boutique\/affiches\/affiches-officielles\/affiche-kevin-germanier-2026\/\">Acheter<\/a><\/div>\n<\/div>\n<\/div>\n<\/div><figure class=\"wp-block-media-text__media\"><img loading=\"lazy\" decoding=\"async\" width=\"885\" height=\"665\" src=\"https:\/\/www.montreuxjazzshop.com\/wp-content\/smush-webp\/2025\/10\/MJF26-Poster-Scene-Kevin-Germanier-1-885x665-1.jpg.webp\" alt=\"Une affiche vibrante et color\u00e9e pr\u00e9sente des formes abstraites ressemblant \u00e0 des plumes formant le texte 60e Montreux Jazz Festival 1-16 juillet 2026 sur un fond noir, encadr\u00e9 d'une bordure noire et affich\u00e9 sur un mur jaune vif.\" class=\"wp-image-6738 size-full\" srcset=\"https:\/\/www.montreuxjazzshop.com\/wp-content\/smush-webp\/2025\/10\/MJF26-Poster-Scene-Kevin-Germanier-1-885x665-1.jpg.webp 885w, https:\/\/www.montreuxjazzshop.com\/wp-content\/smush-webp\/2025\/10\/MJF26-Poster-Scene-Kevin-Germanier-1-885x665-1-300x225.jpg.webp 300w, https:\/\/www.montreuxjazzshop.com\/wp-content\/smush-webp\/2025\/10\/MJF26-Poster-Scene-Kevin-Germanier-1-885x665-1-768x577.jpg.webp 768w, https:\/\/www.montreuxjazzshop.com\/wp-content\/smush-webp\/2025\/10\/MJF26-Poster-Scene-Kevin-Germanier-1-885x665-1-600x451.jpg.webp 600w\" sizes=\"auto, (max-width: 885px) 100vw, 885px\" \/><\/figure><\/div>\n<\/div>\n\n\n\n<div class=\"wp-block-group alignfull gm-home__highlights has-global-padding is-content-justification-center is-layout-constrained wp-container-core-group-is-layout-626940da wp-block-group-is-layout-constrained\" style=\"margin-top:0;margin-bottom:0;padding-top:var(--wp--preset--spacing--60);padding-right:0;padding-bottom:var(--wp--preset--spacing--60);padding-left:0\">\n<h2 class=\"wp-block-heading alignfull has-text-align-center\" id=\"h-highlights\">Highlights<\/h2>\n\n\n\n<div class=\"wp-block-group alignfull is-layout-flow wp-block-group-is-layout-flow\" style=\"padding-right:var(--wp--preset--spacing--50);padding-left:var(--wp--preset--spacing--50)\">\n<div class=\"relative\">\n    <div class=\"relative px-4 py-8 mx-auto\">\n        <section class=\"relative w-full woocommerce\">\n\n            \n                <ul class=\"products columns-4\">\n\n                \n                    \n                    \n<div class=\"dc24-product-card wvs-archive-product-wrapper product type-product post-6107 status-publish first instock product_cat-highlights product_cat-t-shirts-2 product_cat-textile has-post-thumbnail taxable shipping-taxable purchasable product-type-variable\">\n  <div class=\"relative mb-2 dc24-product-img-button group\">\n    <div data-block-name=\"woocommerce\/product-image\" data-image-sizing=\"thumbnail\" data-is-descendent-of-query-loop=\"true\" data-show-sale-badge=\"false\" class=\"wc-block-components-product-image wc-block-grid__product-image wc-block-components-product-image--aspect-ratio-auto wp-block-woocommerce-product-image\"><a href=\"https:\/\/www.montreuxjazzshop.com\/fr\/boutique\/highlights\/t-shirt-crop-music-lover\/\" style=\"\" data-wp-on--click=\"woocommerce\/product-collection::actions.viewProduct\"><img width=\"300\" height=\"300\" src=\"https:\/\/www.montreuxjazzshop.com\/wp-content\/smush-webp\/2025\/09\/MJF25-Shooting-Lifestyle-Crop-Top-Noir-1-web-300x300.jpg.webp\" class=\"attachment-woocommerce_thumbnail size-woocommerce_thumbnail wvs-archive-product-image\" alt=\"Une personne se tient debout, les mains sur les hanches, devant un fond ray\u00e9 color\u00e9. Elle porte le T-shirt Crop, Music Lover, un crop top noir sur lequel figure l&#039;expression &quot;Music Lover&quot;.\" data-testid=\"product-image\" data-image-id=\"6108\" style=\"object-fit:cover;\" loading=\"lazy\" srcset=\"https:\/\/www.montreuxjazzshop.com\/wp-content\/smush-webp\/2025\/09\/MJF25-Shooting-Lifestyle-Crop-Top-Noir-1-web-300x300.jpg.webp 300w, https:\/\/www.montreuxjazzshop.com\/wp-content\/smush-webp\/2025\/09\/MJF25-Shooting-Lifestyle-Crop-Top-Noir-1-web-100x100.jpg.webp 100w, https:\/\/www.montreuxjazzshop.com\/wp-content\/smush-webp\/2025\/09\/MJF25-Shooting-Lifestyle-Crop-Top-Noir-1-web-600x600.jpg.webp 600w, https:\/\/www.montreuxjazzshop.com\/wp-content\/smush-webp\/2025\/09\/MJF25-Shooting-Lifestyle-Crop-Top-Noir-1-web-1024x1024.jpg.webp 1024w, https:\/\/www.montreuxjazzshop.com\/wp-content\/smush-webp\/2025\/09\/MJF25-Shooting-Lifestyle-Crop-Top-Noir-1-web-150x150.jpg.webp 150w, https:\/\/www.montreuxjazzshop.com\/wp-content\/smush-webp\/2025\/09\/MJF25-Shooting-Lifestyle-Crop-Top-Noir-1-web-768x768.jpg.webp 768w, https:\/\/www.montreuxjazzshop.com\/wp-content\/smush-webp\/2025\/09\/MJF25-Shooting-Lifestyle-Crop-Top-Noir-1-web-50x50.jpg.webp 50w, https:\/\/www.montreuxjazzshop.com\/wp-content\/smush-webp\/2025\/09\/MJF25-Shooting-Lifestyle-Crop-Top-Noir-1-web.jpg.webp 1500w\" sizes=\"auto, (max-width: 300px) 100vw, 300px\" decoding=\"async\" \/><div class=\"wc-block-components-product-image__inner-container\"><\/div><\/a><\/div>        <img decoding=\"async\"\n                class=\"absolute top-0 left-0 !w-full !h-full object-cover opacity-0 group-hover:opacity-100 transition-opacity duration-500 !m-0 pointer-events-none\"\n                src=\"https:\/\/www.montreuxjazzshop.com\/wp-content\/smush-webp\/2025\/09\/MJF25-Shooting-Lifestyle-Crop-Top-Noir-2-web.jpg.webp\"\n                srcset=\"https:\/\/www.montreuxjazzshop.com\/wp-content\/smush-webp\/2025\/09\/MJF25-Shooting-Lifestyle-Crop-Top-Noir-2-web-300x300.jpg.webp 300w, https:\/\/www.montreuxjazzshop.com\/wp-content\/smush-webp\/2025\/09\/MJF25-Shooting-Lifestyle-Crop-Top-Noir-2-web-100x100.jpg.webp 100w, https:\/\/www.montreuxjazzshop.com\/wp-content\/smush-webp\/2025\/09\/MJF25-Shooting-Lifestyle-Crop-Top-Noir-2-web-600x600.jpg.webp 600w, https:\/\/www.montreuxjazzshop.com\/wp-content\/smush-webp\/2025\/09\/MJF25-Shooting-Lifestyle-Crop-Top-Noir-2-web-1024x1024.jpg.webp 1024w, https:\/\/www.montreuxjazzshop.com\/wp-content\/smush-webp\/2025\/09\/MJF25-Shooting-Lifestyle-Crop-Top-Noir-2-web-150x150.jpg.webp 150w, https:\/\/www.montreuxjazzshop.com\/wp-content\/smush-webp\/2025\/09\/MJF25-Shooting-Lifestyle-Crop-Top-Noir-2-web-768x768.jpg.webp 768w, https:\/\/www.montreuxjazzshop.com\/wp-content\/smush-webp\/2025\/09\/MJF25-Shooting-Lifestyle-Crop-Top-Noir-2-web-50x50.jpg.webp 50w, https:\/\/www.montreuxjazzshop.com\/wp-content\/smush-webp\/2025\/09\/MJF25-Shooting-Lifestyle-Crop-Top-Noir-2-web.jpg.webp 1500w\"\n                alt=\"T-shirt Crop, Music Lover\"\n                loading=\"lazy\"\n        \/>\n    <div data-block-name=\"woocommerce\/product-button\" data-show-quantity=\"false\" class=\"wp-block-button wc-block-components-product-button   align- wp-block-woocommerce-product-button\"\n\t\t\t\t\t\n\t\t\t\t\tdata-wp-context='{\"quantityToAdd\":1,\"productId\":6107,\"productType\":\"variable\",\"addToCartText\":\"\\u2192\",\"tempQuantity\":0,\"animationStatus\":\"IDLE\",\"inTheCartText\":\"### dans le panier\",\"noticeId\":\"\",\"hasPressedButton\":false}'\n\t\t\t\t>\n\t\t\t\t\t<a\n\t\t\t\t\t\tclass=\"wp-block-button__link wp-element-button wc-block-components-product-button__button add_to_cart_button product_type_variable wvs-add-to-cart-button wc-interactive\"\n\t\t\t\t\t\tstyle=\"\"\n\t\t\t\t\t\thref=\"https:\/\/www.montreuxjazzshop.com\/fr\/boutique\/highlights\/t-shirt-crop-music-lover\/\" rel=\"nofollow\" data-product_id=\"6107\" data-product_sku=\"2005000602025-2\" aria-label=\"S\u00e9lectionner les options pour &ldquo;T-shirt Crop, Music Lover&rdquo;\"\n\t\t\t\t\t\tdata-wp-on--click=\"woocommerce\/product-collection::actions.viewProduct\"\n\t\t\t\t\t>\n\t\t\t\t\t<span >\u2192<\/span>\n\t\t\t\t\t<\/a><span class=\"wvs-has-block-enabled wvs-hide-view-cart-link\">\n\t\t\t\t<a href=\"https:\/\/www.montreuxjazzshop.com\/fr\/panier\/\" class=\"added_to_cart wc_forward\" title=\"View cart\">View cart<\/a>\n\t\t\t<\/span>\n\t\t\t\t\t\n\t\t\t\t<\/div>\n      <\/div>\n\n   <div class=\"mb-3 font-bold has-small-font-size\">\n       T-shirt Crop, Music Lover  <\/div>\n\n  <div data-block-name=\"woocommerce\/product-price\" data-font-size=\"small\" data-text-align=\"left\" class=\"has-font-size has-small-font-size has-text-align-left wp-block-woocommerce-product-price has-small-font-size\" ><div class=\"wc-block-components-product-price wc-block-grid__product-price price\" >\n\t\t\t\t\t\n\t\t\t\t<\/div><\/div>\n<\/div>\n\n                \n                    \n                    \n<div class=\"dc24-product-card product type-product post-4728 status-publish instock product_cat-accessoires product_cat-habitat product_cat-highlights has-post-thumbnail taxable shipping-taxable purchasable product-type-simple\">\n  <div class=\"relative mb-2 dc24-product-img-button group\">\n    <div data-block-name=\"woocommerce\/product-image\" data-image-sizing=\"thumbnail\" data-is-descendent-of-query-loop=\"true\" data-show-sale-badge=\"false\" class=\"wc-block-components-product-image wc-block-grid__product-image wc-block-components-product-image--aspect-ratio-auto wp-block-woocommerce-product-image\"><a href=\"https:\/\/www.montreuxjazzshop.com\/fr\/boutique\/accessoires\/habitat\/lunettes-fly-bruxelles-cristal-polarisant\/\" style=\"\" data-wp-on--click=\"woocommerce\/product-collection::actions.viewProduct\"><img width=\"300\" height=\"300\" src=\"https:\/\/www.montreuxjazzshop.com\/wp-content\/smush-webp\/2025\/05\/MJF24-Lunettes-Acuitis-Blanc-Montreux-Jazz-Festival-0-300x300.jpg.webp\" class=\"attachment-woocommerce_thumbnail size-woocommerce_thumbnail wvs-archive-product-image\" alt=\"Des Lunettes Fly Bruxelles Cristal - Polarisant rondes et blanches reposent sur deux plates-formes cylindriques rose p\u00e2le sur un fond rose tendre, cr\u00e9ant une pr\u00e9sentation moderne et \u00e9l\u00e9gante inspir\u00e9e du design contemporain chic.\" data-testid=\"product-image\" data-image-id=\"1714\" style=\"object-fit:cover;\" loading=\"lazy\" srcset=\"https:\/\/www.montreuxjazzshop.com\/wp-content\/smush-webp\/2025\/05\/MJF24-Lunettes-Acuitis-Blanc-Montreux-Jazz-Festival-0-300x300.jpg.webp 300w, https:\/\/www.montreuxjazzshop.com\/wp-content\/smush-webp\/2025\/05\/MJF24-Lunettes-Acuitis-Blanc-Montreux-Jazz-Festival-0-100x100.jpg.webp 100w, https:\/\/www.montreuxjazzshop.com\/wp-content\/smush-webp\/2025\/05\/MJF24-Lunettes-Acuitis-Blanc-Montreux-Jazz-Festival-0-600x600.jpg.webp 600w, https:\/\/www.montreuxjazzshop.com\/wp-content\/smush-webp\/2025\/05\/MJF24-Lunettes-Acuitis-Blanc-Montreux-Jazz-Festival-0-1024x1024.jpg.webp 1024w, https:\/\/www.montreuxjazzshop.com\/wp-content\/smush-webp\/2025\/05\/MJF24-Lunettes-Acuitis-Blanc-Montreux-Jazz-Festival-0-150x150.jpg.webp 150w, https:\/\/www.montreuxjazzshop.com\/wp-content\/smush-webp\/2025\/05\/MJF24-Lunettes-Acuitis-Blanc-Montreux-Jazz-Festival-0-768x768.jpg.webp 768w, https:\/\/www.montreuxjazzshop.com\/wp-content\/smush-webp\/2025\/05\/MJF24-Lunettes-Acuitis-Blanc-Montreux-Jazz-Festival-0.jpg.webp 1500w\" sizes=\"auto, (max-width: 300px) 100vw, 300px\" decoding=\"async\" \/><div class=\"wc-block-components-product-image__inner-container\"><\/div><\/a><\/div>        <img decoding=\"async\"\n                class=\"absolute top-0 left-0 !w-full !h-full object-cover opacity-0 group-hover:opacity-100 transition-opacity duration-500 !m-0 pointer-events-none\"\n                src=\"https:\/\/www.montreuxjazzshop.com\/wp-content\/smush-webp\/2025\/05\/MJF24-Lunettes-Acuitis-Blanc-Montreux-Jazz-Festival-1.jpg.webp\"\n                srcset=\"https:\/\/www.montreuxjazzshop.com\/wp-content\/smush-webp\/2025\/05\/MJF24-Lunettes-Acuitis-Blanc-Montreux-Jazz-Festival-1-300x300.jpg.webp 300w, https:\/\/www.montreuxjazzshop.com\/wp-content\/smush-webp\/2025\/05\/MJF24-Lunettes-Acuitis-Blanc-Montreux-Jazz-Festival-1-100x100.jpg.webp 100w, https:\/\/www.montreuxjazzshop.com\/wp-content\/smush-webp\/2025\/05\/MJF24-Lunettes-Acuitis-Blanc-Montreux-Jazz-Festival-1-600x600.jpg.webp 600w, https:\/\/www.montreuxjazzshop.com\/wp-content\/smush-webp\/2025\/05\/MJF24-Lunettes-Acuitis-Blanc-Montreux-Jazz-Festival-1-1024x1024.jpg.webp 1024w, https:\/\/www.montreuxjazzshop.com\/wp-content\/smush-webp\/2025\/05\/MJF24-Lunettes-Acuitis-Blanc-Montreux-Jazz-Festival-1-150x150.jpg.webp 150w, https:\/\/www.montreuxjazzshop.com\/wp-content\/smush-webp\/2025\/05\/MJF24-Lunettes-Acuitis-Blanc-Montreux-Jazz-Festival-1-768x768.jpg.webp 768w, https:\/\/www.montreuxjazzshop.com\/wp-content\/smush-webp\/2025\/05\/MJF24-Lunettes-Acuitis-Blanc-Montreux-Jazz-Festival-1.jpg.webp 1500w\"\n                alt=\"Lunettes Fly Bruxelles Cristal - Polarisant\"\n                loading=\"lazy\"\n        \/>\n    <div data-block-name=\"woocommerce\/product-button\" data-show-quantity=\"false\" class=\"wp-block-button wc-block-components-product-button   align- wp-block-woocommerce-product-button\"\n\t\t\t\t\t\n\t\t\tdata-wp-interactive=\"woocommerce\/product-button\"\n\t\t\n\t\t\t\t\tdata-wp-context='{\"quantityToAdd\":1,\"productId\":4728,\"productType\":\"simple\",\"addToCartText\":\"+\",\"tempQuantity\":0,\"animationStatus\":\"IDLE\",\"inTheCartText\":\"### dans le panier\",\"noticeId\":\"\",\"hasPressedButton\":false}'\n\t\t\t\t>\n\t\t\t\t\t<button\n\t\t\t\t\t\tclass=\"wp-block-button__link wp-element-button wc-block-components-product-button__button add_to_cart_button ajax_add_to_cart product_type_simple wc-interactive\"\n\t\t\t\t\t\tstyle=\"\"\n\t\t\t\t\t\ttype=\"button\" data-product_id=\"4728\" data-product_sku=\"3900100702024\" aria-label=\"Ajouter au panier\u00a0: &ldquo;Lunettes Fly Bruxelles Cristal - Polarisant&rdquo;\"\n\t\t\t\t\t\tdata-wp-on--click=\"actions.addCartItem\"\n\t\t\t\t\t>\n\t\t\t\t\t<span \n\t\t\tdata-wp-text=\"state.addToCartText\"\n\t\t\tdata-wp-class--wc-block-slide-in=\"state.slideInAnimation\"\n\t\t\tdata-wp-class--wc-block-slide-out=\"state.slideOutAnimation\"\n\t\t\tdata-wp-on--animationend=\"actions.handleAnimationEnd\"\n\t\t\tdata-wp-watch=\"callbacks.startAnimation\"\n\t\t\tdata-wp-run=\"callbacks.syncTempQuantityOnLoad\"\n\t\t>+<\/span>\n\t\t\t\t\t<\/button>\n\t\t\t\t\t<span\n\t\t\t\thidden\n\t\t\t\tdata-wp-bind--hidden=\"!state.displayViewCart\"\n\t\t\t>\n\t\t\t\t<a\n\t\t\t\t\thref=\"https:\/\/www.montreuxjazzshop.com\/fr\/panier\/\"\n\t\t\t\t\tclass=\"added_to_cart wc_forward\"\n\t\t\t\t\ttitle=\"Voir le panier\"\n\t\t\t\t>\n\t\t\t\t\tVoir le panier\n\t\t\t\t<\/a>\n\t\t\t<\/span>\n\t\t\t\t<\/div>\n      <\/div>\n\n   <div class=\"mb-3 font-bold has-small-font-size\">\n       Lunettes Fly Bruxelles Cristal &#8211; Polarisant  <\/div>\n\n  <div data-block-name=\"woocommerce\/product-price\" data-font-size=\"small\" data-text-align=\"left\" class=\"has-font-size has-small-font-size has-text-align-left wp-block-woocommerce-product-price has-small-font-size\" ><div class=\"wc-block-components-product-price wc-block-grid__product-price price\" >\n\t\t\t\t\t<span class=\"woocommerce-Price-amount amount\"><bdi><span class=\"woocommerce-Price-currencySymbol\">&#67;&#72;&#70;<\/span>&nbsp;50<\/bdi><\/span>\n\t\t\t\t<\/div><\/div>\n<\/div>\n\n                \n                    \n                    \n<div class=\"dc24-product-card wvs-archive-product-wrapper product type-product post-4302 status-publish instock product_cat-highlights product_cat-hoody-fr product_cat-textile has-post-thumbnail sale taxable shipping-taxable purchasable product-type-variable\">\n  <div class=\"relative mb-2 dc24-product-img-button group\">\n    <div data-block-name=\"woocommerce\/product-image\" data-image-sizing=\"thumbnail\" data-is-descendent-of-query-loop=\"true\" data-show-sale-badge=\"false\" class=\"wc-block-components-product-image wc-block-grid__product-image wc-block-components-product-image--aspect-ratio-auto wp-block-woocommerce-product-image\"><a href=\"https:\/\/www.montreuxjazzshop.com\/fr\/boutique\/textile\/hoody-fr\/sweatshirt-brode-montreux-jazz-butter\/\" style=\"\" data-wp-on--click=\"woocommerce\/product-collection::actions.viewProduct\"><img width=\"300\" height=\"300\" src=\"https:\/\/www.montreuxjazzshop.com\/wp-content\/smush-webp\/2025\/05\/MJF24-Sweat-Capuche-Butter-Montreux-Jazz-Festival-2-300x300.jpg.webp\" class=\"attachment-woocommerce_thumbnail size-woocommerce_thumbnail wvs-archive-product-image\" alt=\"Une femme v\u00eatue d&#039;un sweat brod\u00e9 Montreux Jazz, d&#039;un beurre et d&#039;un jean bleu sourit pr\u00e8s d&#039;une balustrade avec un lac panoramique, des montagnes et des palmiers l\u00e9g\u00e8rement flous en arri\u00e8re-plan.\" data-testid=\"product-image\" data-image-id=\"1553\" style=\"object-fit:cover;\" loading=\"lazy\" srcset=\"https:\/\/www.montreuxjazzshop.com\/wp-content\/smush-webp\/2025\/05\/MJF24-Sweat-Capuche-Butter-Montreux-Jazz-Festival-2-300x300.jpg.webp 300w, https:\/\/www.montreuxjazzshop.com\/wp-content\/smush-webp\/2025\/05\/MJF24-Sweat-Capuche-Butter-Montreux-Jazz-Festival-2-100x100.jpg.webp 100w, https:\/\/www.montreuxjazzshop.com\/wp-content\/smush-webp\/2025\/05\/MJF24-Sweat-Capuche-Butter-Montreux-Jazz-Festival-2-600x600.jpg.webp 600w, https:\/\/www.montreuxjazzshop.com\/wp-content\/smush-webp\/2025\/05\/MJF24-Sweat-Capuche-Butter-Montreux-Jazz-Festival-2-1024x1024.jpg.webp 1024w, https:\/\/www.montreuxjazzshop.com\/wp-content\/smush-webp\/2025\/05\/MJF24-Sweat-Capuche-Butter-Montreux-Jazz-Festival-2-150x150.jpg.webp 150w, https:\/\/www.montreuxjazzshop.com\/wp-content\/smush-webp\/2025\/05\/MJF24-Sweat-Capuche-Butter-Montreux-Jazz-Festival-2-768x768.jpg.webp 768w, https:\/\/www.montreuxjazzshop.com\/wp-content\/smush-webp\/2025\/05\/MJF24-Sweat-Capuche-Butter-Montreux-Jazz-Festival-2.jpg.webp 1500w\" sizes=\"auto, (max-width: 300px) 100vw, 300px\" decoding=\"async\" \/><div class=\"wc-block-components-product-image__inner-container\"><\/div><\/a><\/div>        <img decoding=\"async\"\n                class=\"absolute top-0 left-0 !w-full !h-full object-cover opacity-0 group-hover:opacity-100 transition-opacity duration-500 !m-0 pointer-events-none\"\n                src=\"https:\/\/www.montreuxjazzshop.com\/wp-content\/smush-webp\/2025\/05\/MJF24-Sweat-Capuche-Butter-Detail-Montreux-Jazz-Festival-1.jpg.webp\"\n                srcset=\"https:\/\/www.montreuxjazzshop.com\/wp-content\/smush-webp\/2025\/05\/MJF24-Sweat-Capuche-Butter-Detail-Montreux-Jazz-Festival-1-300x300.jpg.webp 300w, https:\/\/www.montreuxjazzshop.com\/wp-content\/smush-webp\/2025\/05\/MJF24-Sweat-Capuche-Butter-Detail-Montreux-Jazz-Festival-1-100x100.jpg.webp 100w, https:\/\/www.montreuxjazzshop.com\/wp-content\/smush-webp\/2025\/05\/MJF24-Sweat-Capuche-Butter-Detail-Montreux-Jazz-Festival-1-600x600.jpg.webp 600w, https:\/\/www.montreuxjazzshop.com\/wp-content\/smush-webp\/2025\/05\/MJF24-Sweat-Capuche-Butter-Detail-Montreux-Jazz-Festival-1-1024x1024.jpg.webp 1024w, https:\/\/www.montreuxjazzshop.com\/wp-content\/smush-webp\/2025\/05\/MJF24-Sweat-Capuche-Butter-Detail-Montreux-Jazz-Festival-1-150x150.jpg.webp 150w, https:\/\/www.montreuxjazzshop.com\/wp-content\/smush-webp\/2025\/05\/MJF24-Sweat-Capuche-Butter-Detail-Montreux-Jazz-Festival-1-768x768.jpg.webp 768w, https:\/\/www.montreuxjazzshop.com\/wp-content\/smush-webp\/2025\/05\/MJF24-Sweat-Capuche-Butter-Detail-Montreux-Jazz-Festival-1.jpg.webp 1500w\"\n                alt=\"Sweatshirt brod\u00e9 Montreux Jazz, Butter\"\n                loading=\"lazy\"\n        \/>\n    <span class=\"inline-block onsale\">Promo<\/span><div data-block-name=\"woocommerce\/product-button\" data-show-quantity=\"false\" class=\"wp-block-button wc-block-components-product-button   align- wp-block-woocommerce-product-button\"\n\t\t\t\t\t\n\t\t\t\t\tdata-wp-context='{\"quantityToAdd\":1,\"productId\":4302,\"productType\":\"variable\",\"addToCartText\":\"\\u2192\",\"tempQuantity\":0,\"animationStatus\":\"IDLE\",\"inTheCartText\":\"### dans le panier\",\"noticeId\":\"\",\"hasPressedButton\":false}'\n\t\t\t\t>\n\t\t\t\t\t<a\n\t\t\t\t\t\tclass=\"wp-block-button__link wp-element-button wc-block-components-product-button__button add_to_cart_button product_type_variable wvs-add-to-cart-button wc-interactive\"\n\t\t\t\t\t\tstyle=\"\"\n\t\t\t\t\t\thref=\"https:\/\/www.montreuxjazzshop.com\/fr\/boutique\/textile\/hoody-fr\/sweatshirt-brode-montreux-jazz-butter\/\" rel=\"nofollow\" data-product_id=\"4302\" data-product_sku=\"2100000902024\" aria-label=\"S\u00e9lectionner les options pour &ldquo;Sweatshirt brod\u00e9 Montreux Jazz, Butter&rdquo;\"\n\t\t\t\t\t\tdata-wp-on--click=\"woocommerce\/product-collection::actions.viewProduct\"\n\t\t\t\t\t>\n\t\t\t\t\t<span >\u2192<\/span>\n\t\t\t\t\t<\/a><span class=\"wvs-has-block-enabled wvs-hide-view-cart-link\">\n\t\t\t\t<a href=\"https:\/\/www.montreuxjazzshop.com\/fr\/panier\/\" class=\"added_to_cart wc_forward\" title=\"View cart\">View cart<\/a>\n\t\t\t<\/span>\n\t\t\t\t\t\n\t\t\t\t<\/div>\n      <\/div>\n\n   <div class=\"mb-3 font-bold has-small-font-size\">\n       Sweatshirt brod\u00e9 Montreux Jazz, Butter  <\/div>\n\n  <div data-block-name=\"woocommerce\/product-price\" data-font-size=\"small\" data-text-align=\"left\" class=\"has-font-size has-small-font-size has-text-align-left wp-block-woocommerce-product-price has-small-font-size\" ><div class=\"wc-block-components-product-price wc-block-grid__product-price price\" >\n\t\t\t\t\t<del aria-hidden=\"true\"><span class=\"woocommerce-Price-amount amount\"><bdi><span class=\"woocommerce-Price-currencySymbol\">&#67;&#72;&#70;<\/span>&nbsp;79<\/bdi><\/span><\/del> <span class=\"screen-reader-text\">Le prix initial \u00e9tait\u00a0: &#067;&#072;&#070;&nbsp;79.<\/span><ins aria-hidden=\"true\"><span class=\"woocommerce-Price-amount amount\"><bdi><span class=\"woocommerce-Price-currencySymbol\">&#67;&#72;&#70;<\/span>&nbsp;59<\/bdi><\/span><\/ins><span class=\"screen-reader-text\">Le prix actuel est\u00a0: &#067;&#072;&#070;&nbsp;59.<\/span>\n\t\t\t\t<\/div><\/div>\n<\/div>\n\n                \n                    \n                    \n<div class=\"dc24-product-card product type-product post-3735 status-publish last instock product_cat-accessories product_cat-highlights product_cat-stationery has-post-thumbnail taxable shipping-taxable purchasable product-type-simple\">\n  <div class=\"relative mb-2 dc24-product-img-button group\">\n    <div data-block-name=\"woocommerce\/product-image\" data-image-sizing=\"thumbnail\" data-is-descendent-of-query-loop=\"true\" data-show-sale-badge=\"false\" class=\"wc-block-components-product-image wc-block-grid__product-image wc-block-components-product-image--aspect-ratio-auto wp-block-woocommerce-product-image\"><a href=\"https:\/\/www.montreuxjazzshop.com\/fr\/boutique\/accessories\/stationery\/kiss-carte-de-voeux-music-festival\/\" style=\"\" data-wp-on--click=\"woocommerce\/product-collection::actions.viewProduct\"><img width=\"300\" height=\"300\" src=\"https:\/\/www.montreuxjazzshop.com\/wp-content\/smush-webp\/2025\/05\/MJF23-Carte-de-voeux-mockup-Kiss-1-300x300.jpg.webp\" class=\"attachment-woocommerce_thumbnail size-woocommerce_thumbnail wvs-archive-product-image\" alt=\"The Kiss, Carte de v\u0153ux est une carte postale rouge avec un texte rose en gras &quot;Kiss from Montreux&quot;, un petit c\u0153ur blanc en haut \u00e0 droite indiquant &quot;Montreux vibes&quot;, inspir\u00e9e par le festival de musique Kiss Montreux, pr\u00e9sent\u00e9e sur une enveloppe blanche sur fond rose.\" data-testid=\"product-image\" data-image-id=\"1259\" style=\"object-fit:cover;\" loading=\"lazy\" srcset=\"https:\/\/www.montreuxjazzshop.com\/wp-content\/smush-webp\/2025\/05\/MJF23-Carte-de-voeux-mockup-Kiss-1-300x300.jpg.webp 300w, https:\/\/www.montreuxjazzshop.com\/wp-content\/smush-webp\/2025\/05\/MJF23-Carte-de-voeux-mockup-Kiss-1-100x100.jpg.webp 100w, https:\/\/www.montreuxjazzshop.com\/wp-content\/smush-webp\/2025\/05\/MJF23-Carte-de-voeux-mockup-Kiss-1-600x600.jpg.webp 600w, https:\/\/www.montreuxjazzshop.com\/wp-content\/smush-webp\/2025\/05\/MJF23-Carte-de-voeux-mockup-Kiss-1-1024x1024.jpg.webp 1024w, https:\/\/www.montreuxjazzshop.com\/wp-content\/smush-webp\/2025\/05\/MJF23-Carte-de-voeux-mockup-Kiss-1-150x150.jpg.webp 150w, https:\/\/www.montreuxjazzshop.com\/wp-content\/smush-webp\/2025\/05\/MJF23-Carte-de-voeux-mockup-Kiss-1-768x768.jpg.webp 768w, https:\/\/www.montreuxjazzshop.com\/wp-content\/smush-webp\/2025\/05\/MJF23-Carte-de-voeux-mockup-Kiss-1-1536x1536.jpg.webp 1536w, https:\/\/www.montreuxjazzshop.com\/wp-content\/smush-webp\/2025\/05\/MJF23-Carte-de-voeux-mockup-Kiss-1.jpg.webp 2000w\" sizes=\"auto, (max-width: 300px) 100vw, 300px\" decoding=\"async\" \/><div class=\"wc-block-components-product-image__inner-container\"><\/div><\/a><\/div>        <img decoding=\"async\"\n                class=\"absolute top-0 left-0 !w-full !h-full object-cover opacity-0 group-hover:opacity-100 transition-opacity duration-500 !m-0 pointer-events-none\"\n                src=\"https:\/\/www.montreuxjazzshop.com\/wp-content\/smush-webp\/2025\/05\/MJF23-Carte-de-voeux-mockup-Kiss-2.jpg.webp\"\n                srcset=\"https:\/\/www.montreuxjazzshop.com\/wp-content\/smush-webp\/2025\/05\/MJF23-Carte-de-voeux-mockup-Kiss-2-300x300.jpg.webp 300w, https:\/\/www.montreuxjazzshop.com\/wp-content\/smush-webp\/2025\/05\/MJF23-Carte-de-voeux-mockup-Kiss-2-100x100.jpg.webp 100w, https:\/\/www.montreuxjazzshop.com\/wp-content\/smush-webp\/2025\/05\/MJF23-Carte-de-voeux-mockup-Kiss-2-600x600.jpg.webp 600w, https:\/\/www.montreuxjazzshop.com\/wp-content\/smush-webp\/2025\/05\/MJF23-Carte-de-voeux-mockup-Kiss-2-1024x1024.jpg.webp 1024w, https:\/\/www.montreuxjazzshop.com\/wp-content\/smush-webp\/2025\/05\/MJF23-Carte-de-voeux-mockup-Kiss-2-150x150.jpg.webp 150w, https:\/\/www.montreuxjazzshop.com\/wp-content\/smush-webp\/2025\/05\/MJF23-Carte-de-voeux-mockup-Kiss-2-768x768.jpg.webp 768w, https:\/\/www.montreuxjazzshop.com\/wp-content\/smush-webp\/2025\/05\/MJF23-Carte-de-voeux-mockup-Kiss-2-1536x1536.jpg.webp 1536w, https:\/\/www.montreuxjazzshop.com\/wp-content\/smush-webp\/2025\/05\/MJF23-Carte-de-voeux-mockup-Kiss-2.jpg.webp 2000w\"\n                alt=\"Kiss, Carte de voeux\"\n                loading=\"lazy\"\n        \/>\n    <div data-block-name=\"woocommerce\/product-button\" data-show-quantity=\"false\" class=\"wp-block-button wc-block-components-product-button   align- wp-block-woocommerce-product-button\"\n\t\t\t\t\t\n\t\t\tdata-wp-interactive=\"woocommerce\/product-button\"\n\t\t\n\t\t\t\t\tdata-wp-context='{\"quantityToAdd\":1,\"productId\":3735,\"productType\":\"simple\",\"addToCartText\":\"+\",\"tempQuantity\":0,\"animationStatus\":\"IDLE\",\"inTheCartText\":\"### dans le panier\",\"noticeId\":\"\",\"hasPressedButton\":false}'\n\t\t\t\t>\n\t\t\t\t\t<button\n\t\t\t\t\t\tclass=\"wp-block-button__link wp-element-button wc-block-components-product-button__button add_to_cart_button ajax_add_to_cart product_type_simple wc-interactive\"\n\t\t\t\t\t\tstyle=\"\"\n\t\t\t\t\t\ttype=\"button\" data-product_id=\"3735\" data-product_sku=\"3300500042023\" aria-label=\"Ajouter au panier\u00a0: &ldquo;Kiss, Carte de voeux&rdquo;\"\n\t\t\t\t\t\tdata-wp-on--click=\"actions.addCartItem\"\n\t\t\t\t\t>\n\t\t\t\t\t<span \n\t\t\tdata-wp-text=\"state.addToCartText\"\n\t\t\tdata-wp-class--wc-block-slide-in=\"state.slideInAnimation\"\n\t\t\tdata-wp-class--wc-block-slide-out=\"state.slideOutAnimation\"\n\t\t\tdata-wp-on--animationend=\"actions.handleAnimationEnd\"\n\t\t\tdata-wp-watch=\"callbacks.startAnimation\"\n\t\t\tdata-wp-run=\"callbacks.syncTempQuantityOnLoad\"\n\t\t>+<\/span>\n\t\t\t\t\t<\/button>\n\t\t\t\t\t<span\n\t\t\t\thidden\n\t\t\t\tdata-wp-bind--hidden=\"!state.displayViewCart\"\n\t\t\t>\n\t\t\t\t<a\n\t\t\t\t\thref=\"https:\/\/www.montreuxjazzshop.com\/fr\/panier\/\"\n\t\t\t\t\tclass=\"added_to_cart wc_forward\"\n\t\t\t\t\ttitle=\"Voir le panier\"\n\t\t\t\t>\n\t\t\t\t\tVoir le panier\n\t\t\t\t<\/a>\n\t\t\t<\/span>\n\t\t\t\t<\/div>\n      <\/div>\n\n   <div class=\"mb-3 font-bold has-small-font-size\">\n       Kiss, Carte de voeux  <\/div>\n\n  <div data-block-name=\"woocommerce\/product-price\" data-font-size=\"small\" data-text-align=\"left\" class=\"has-font-size has-small-font-size has-text-align-left wp-block-woocommerce-product-price has-small-font-size\" ><div class=\"wc-block-components-product-price wc-block-grid__product-price price\" >\n\t\t\t\t\t<span class=\"woocommerce-Price-amount amount\"><bdi><span class=\"woocommerce-Price-currencySymbol\">&#67;&#72;&#70;<\/span>&nbsp;9<\/bdi><\/span>\n\t\t\t\t<\/div><\/div>\n<\/div>\n\n                                <\/ul>\n\n                        <\/section>\n\n\n    <\/div>\n<\/div><\/div>\n\n\n\n<div class=\"wp-block-buttons gm-home__button is-content-justification-center is-layout-flex wp-container-core-buttons-is-layout-fe1bbffc wp-block-buttons-is-layout-flex\" style=\"padding-top:var(--wp--preset--spacing--30);padding-bottom:var(--wp--preset--spacing--30)\">\n<div class=\"wp-block-button\"><a class=\"wp-block-button__link wp-element-button\" href=\"https:\/\/www.montreuxjazzshop.com\/fr\/boutique-categorie\/highlights\/\">Voir les highlights<\/a><\/div>\n<\/div>\n<\/div>\n\n\n\n<div class=\"wp-block-group alignfull gm-home__best-seller has-global-padding is-content-justification-center is-layout-constrained wp-container-core-group-is-layout-626940da wp-block-group-is-layout-constrained\" style=\"margin-top:0;margin-bottom:0;padding-top:var(--wp--preset--spacing--60);padding-right:0;padding-bottom:var(--wp--preset--spacing--60);padding-left:0\">\n<h2 class=\"wp-block-heading alignfull has-text-align-center\" id=\"h-best-sellers-amp-coups-de-coeur\">Best-sellers &amp; coups de c\u0153ur<\/h2>\n\n\n\n<div class=\"wp-block-group alignfull is-layout-flow wp-block-group-is-layout-flow\" style=\"padding-right:var(--wp--preset--spacing--50);padding-left:var(--wp--preset--spacing--50)\">\n<div class=\"relative\">\n    <div class=\"relative px-4 py-8 mx-auto\">\n        <section class=\"relative w-full woocommerce\">\n\n            \n                <ul class=\"products columns-4\">\n\n                \n                    \n                    \n<div class=\"dc24-product-card wvs-archive-product-wrapper product type-product post-2568 status-publish first instock product_cat-affiches product_cat-affiches-officielles has-post-thumbnail sold-individually taxable shipping-taxable purchasable product-type-variable has-default-attributes\">\n  <div class=\"relative mb-2 dc24-product-img-button group\">\n    <div data-block-name=\"woocommerce\/product-image\" data-image-sizing=\"thumbnail\" data-is-descendent-of-query-loop=\"true\" data-show-sale-badge=\"false\" class=\"wc-block-components-product-image wc-block-grid__product-image wc-block-components-product-image--aspect-ratio-auto wp-block-woocommerce-product-image\"><a href=\"https:\/\/www.montreuxjazzshop.com\/fr\/boutique\/affiches\/affiches-officielles\/affiche-keith-haring-1983-yellow\/\" style=\"\" data-wp-on--click=\"woocommerce\/product-collection::actions.viewProduct\"><img width=\"300\" height=\"300\" src=\"https:\/\/www.montreuxjazzshop.com\/wp-content\/smush-webp\/2025\/05\/MJF-Poster-70x100-1983-jaune-300x300.jpg.webp\" class=\"attachment-woocommerce_thumbnail size-woocommerce_thumbnail wvs-archive-product-image\" alt=\"Affiche Keith Haring, 1983 - Jaune : Une affiche vibrante pour le Festival de Jazz de Montreux 1983 pr\u00e9sente une figure abstraite rose avec des lignes tourbillonnantes sur fond vert, une bordure jaune et un texte : &quot;Montreux 1983 Jazz Festival - 8-24 juillet.\" data-testid=\"product-image\" data-image-id=\"337\" style=\"object-fit:cover;\" loading=\"lazy\" srcset=\"https:\/\/www.montreuxjazzshop.com\/wp-content\/smush-webp\/2025\/05\/MJF-Poster-70x100-1983-jaune-300x300.jpg.webp 300w, https:\/\/www.montreuxjazzshop.com\/wp-content\/smush-webp\/2025\/05\/MJF-Poster-70x100-1983-jaune-100x100.jpg.webp 100w, https:\/\/www.montreuxjazzshop.com\/wp-content\/smush-webp\/2025\/05\/MJF-Poster-70x100-1983-jaune-600x600.jpg.webp 600w, https:\/\/www.montreuxjazzshop.com\/wp-content\/smush-webp\/2025\/05\/MJF-Poster-70x100-1983-jaune-1024x1024.jpg.webp 1024w, https:\/\/www.montreuxjazzshop.com\/wp-content\/smush-webp\/2025\/05\/MJF-Poster-70x100-1983-jaune-150x150.jpg.webp 150w, https:\/\/www.montreuxjazzshop.com\/wp-content\/smush-webp\/2025\/05\/MJF-Poster-70x100-1983-jaune-768x768.jpg.webp 768w, https:\/\/www.montreuxjazzshop.com\/wp-content\/smush-webp\/2025\/05\/MJF-Poster-70x100-1983-jaune-1536x1536.jpg.webp 1536w, https:\/\/www.montreuxjazzshop.com\/wp-content\/smush-webp\/2025\/05\/MJF-Poster-70x100-1983-jaune.jpg.webp 2000w\" sizes=\"auto, (max-width: 300px) 100vw, 300px\" decoding=\"async\" \/><div class=\"wc-block-components-product-image__inner-container\"><\/div><\/a><\/div><div data-block-name=\"woocommerce\/product-button\" data-show-quantity=\"false\" class=\"wp-block-button wc-block-components-product-button   align- wp-block-woocommerce-product-button\"\n\t\t\t\t\t\n\t\t\t\t\tdata-wp-context='{\"quantityToAdd\":1,\"productId\":2568,\"productType\":\"variable\",\"addToCartText\":\"\\u2192\",\"tempQuantity\":0,\"animationStatus\":\"IDLE\",\"inTheCartText\":\"### dans le panier\",\"noticeId\":\"\",\"hasPressedButton\":false}'\n\t\t\t\t>\n\t\t\t\t\t<a\n\t\t\t\t\t\tclass=\"wp-block-button__link wp-element-button wc-block-components-product-button__button add_to_cart_button product_type_variable wvs-add-to-cart-button wc-interactive\"\n\t\t\t\t\t\tstyle=\"\"\n\t\t\t\t\t\thref=\"https:\/\/www.montreuxjazzshop.com\/fr\/boutique\/affiches\/affiches-officielles\/affiche-keith-haring-1983-yellow\/\" rel=\"nofollow\" data-product_id=\"2568\" data-product_sku=\"1000000701983\" aria-label=\"S\u00e9lectionner les options pour &ldquo;Affiche Keith Haring, 1983 - Yellow&rdquo;\"\n\t\t\t\t\t\tdata-wp-on--click=\"woocommerce\/product-collection::actions.viewProduct\"\n\t\t\t\t\t>\n\t\t\t\t\t<span >\u2192<\/span>\n\t\t\t\t\t<\/a><span class=\"wvs-has-block-enabled wvs-hide-view-cart-link\">\n\t\t\t\t<a href=\"https:\/\/www.montreuxjazzshop.com\/fr\/panier\/\" class=\"added_to_cart wc_forward\" title=\"View cart\">View cart<\/a>\n\t\t\t<\/span>\n\t\t\t\t\t\n\t\t\t\t<\/div>\n      <\/div>\n\n   <div class=\"mb-3 font-bold has-small-font-size\">\n       Affiche Keith Haring, 1983 &#8211; Yellow  <\/div>\n\n  <div data-block-name=\"woocommerce\/product-price\" data-font-size=\"small\" data-text-align=\"left\" class=\"has-font-size has-small-font-size has-text-align-left wp-block-woocommerce-product-price has-small-font-size\" ><div class=\"wc-block-components-product-price wc-block-grid__product-price price\" >\n\t\t\t\t\t<span class=\"woocommerce-Price-amount amount\"><bdi><span class=\"woocommerce-Price-currencySymbol\">&#67;&#72;&#70;<\/span>&nbsp;189<\/bdi><\/span>\n\t\t\t\t<\/div><\/div>\n<\/div>\n\n                \n                    \n                    \n<div class=\"dc24-product-card wvs-archive-product-wrapper product type-product post-4583 status-publish instock product_cat-373 product_cat-affiches product_cat-affiches-officielles product_cat-affichettes product_cat-lakwena has-post-thumbnail featured taxable shipping-taxable purchasable product-type-variable\">\n  <div class=\"relative mb-2 dc24-product-img-button group\">\n    <div data-block-name=\"woocommerce\/product-image\" data-image-sizing=\"thumbnail\" data-is-descendent-of-query-loop=\"true\" data-show-sale-badge=\"false\" class=\"wc-block-components-product-image wc-block-grid__product-image wc-block-components-product-image--aspect-ratio-auto wp-block-woocommerce-product-image\"><a href=\"https:\/\/www.montreuxjazzshop.com\/fr\/boutique\/edition\/2025\/affiche-lakwena-2025-montreux-jazz\/\" style=\"\" data-wp-on--click=\"woocommerce\/product-collection::actions.viewProduct\"><img width=\"300\" height=\"300\" src=\"https:\/\/www.montreuxjazzshop.com\/wp-content\/smush-webp\/2025\/05\/MJF-Poster-70x100-2025-Lakwena-300x300.jpg.webp\" class=\"attachment-woocommerce_thumbnail size-woocommerce_thumbnail wvs-archive-product-image\" alt=\"L&#039;affiche Lakwena, 2025 pr\u00e9sente des lettres audacieuses et color\u00e9es qui se chevauchent et \u00e9pellent ALL YOU SEE IS GLORY, sur des fonds vibrants et ondul\u00e9s. Les d\u00e9tails de l&#039;\u00e9v\u00e9nement - 4-19 juillet 2025 et 39e Festival de Jazz de Montreux - apparaissent verticalement sur l&#039;affiche.\" data-testid=\"product-image\" data-image-id=\"1703\" style=\"object-fit:cover;\" loading=\"lazy\" srcset=\"https:\/\/www.montreuxjazzshop.com\/wp-content\/smush-webp\/2025\/05\/MJF-Poster-70x100-2025-Lakwena-300x300.jpg.webp 300w, https:\/\/www.montreuxjazzshop.com\/wp-content\/smush-webp\/2025\/05\/MJF-Poster-70x100-2025-Lakwena-100x100.jpg.webp 100w, https:\/\/www.montreuxjazzshop.com\/wp-content\/smush-webp\/2025\/05\/MJF-Poster-70x100-2025-Lakwena-600x600.jpg.webp 600w, https:\/\/www.montreuxjazzshop.com\/wp-content\/smush-webp\/2025\/05\/MJF-Poster-70x100-2025-Lakwena-1024x1024.jpg.webp 1024w, https:\/\/www.montreuxjazzshop.com\/wp-content\/smush-webp\/2025\/05\/MJF-Poster-70x100-2025-Lakwena-150x150.jpg.webp 150w, https:\/\/www.montreuxjazzshop.com\/wp-content\/smush-webp\/2025\/05\/MJF-Poster-70x100-2025-Lakwena-768x768.jpg.webp 768w, https:\/\/www.montreuxjazzshop.com\/wp-content\/smush-webp\/2025\/05\/MJF-Poster-70x100-2025-Lakwena-1536x1536.jpg.webp 1536w, https:\/\/www.montreuxjazzshop.com\/wp-content\/smush-webp\/2025\/05\/MJF-Poster-70x100-2025-Lakwena.jpg.webp 2000w\" sizes=\"auto, (max-width: 300px) 100vw, 300px\" decoding=\"async\" \/><div class=\"wc-block-components-product-image__inner-container\"><\/div><\/a><\/div>        <img decoding=\"async\"\n                class=\"absolute top-0 left-0 !w-full !h-full object-cover opacity-0 group-hover:opacity-100 transition-opacity duration-500 !m-0 pointer-events-none\"\n                src=\"https:\/\/www.montreuxjazzshop.com\/wp-content\/smush-webp\/2025\/05\/MJF-Poster-30x40-2025-Lakwena.jpg.webp\"\n                srcset=\"https:\/\/www.montreuxjazzshop.com\/wp-content\/smush-webp\/2025\/05\/MJF-Poster-30x40-2025-Lakwena-300x300.jpg.webp 300w, https:\/\/www.montreuxjazzshop.com\/wp-content\/smush-webp\/2025\/05\/MJF-Poster-30x40-2025-Lakwena-100x100.jpg.webp 100w, https:\/\/www.montreuxjazzshop.com\/wp-content\/smush-webp\/2025\/05\/MJF-Poster-30x40-2025-Lakwena-600x600.jpg.webp 600w, https:\/\/www.montreuxjazzshop.com\/wp-content\/smush-webp\/2025\/05\/MJF-Poster-30x40-2025-Lakwena-1024x1024.jpg.webp 1024w, https:\/\/www.montreuxjazzshop.com\/wp-content\/smush-webp\/2025\/05\/MJF-Poster-30x40-2025-Lakwena-150x150.jpg.webp 150w, https:\/\/www.montreuxjazzshop.com\/wp-content\/smush-webp\/2025\/05\/MJF-Poster-30x40-2025-Lakwena-768x768.jpg.webp 768w, https:\/\/www.montreuxjazzshop.com\/wp-content\/smush-webp\/2025\/05\/MJF-Poster-30x40-2025-Lakwena-1536x1536.jpg.webp 1536w, https:\/\/www.montreuxjazzshop.com\/wp-content\/smush-webp\/2025\/05\/MJF-Poster-30x40-2025-Lakwena.jpg.webp 2000w\"\n                alt=\"Affiche Lakwena, 2025\"\n                loading=\"lazy\"\n        \/>\n    <div data-block-name=\"woocommerce\/product-button\" data-show-quantity=\"false\" class=\"wp-block-button wc-block-components-product-button   align- wp-block-woocommerce-product-button\"\n\t\t\t\t\t\n\t\t\t\t\tdata-wp-context='{\"quantityToAdd\":1,\"productId\":4583,\"productType\":\"variable\",\"addToCartText\":\"\\u2192\",\"tempQuantity\":0,\"animationStatus\":\"IDLE\",\"inTheCartText\":\"### dans le panier\",\"noticeId\":\"\",\"hasPressedButton\":false}'\n\t\t\t\t>\n\t\t\t\t\t<a\n\t\t\t\t\t\tclass=\"wp-block-button__link wp-element-button wc-block-components-product-button__button add_to_cart_button product_type_variable wvs-add-to-cart-button wc-interactive\"\n\t\t\t\t\t\tstyle=\"\"\n\t\t\t\t\t\thref=\"https:\/\/www.montreuxjazzshop.com\/fr\/boutique\/edition\/2025\/affiche-lakwena-2025-montreux-jazz\/\" rel=\"nofollow\" data-product_id=\"4583\" data-product_sku=\"1000000002025\" aria-label=\"S\u00e9lectionner les options pour &ldquo;Affiche Lakwena, 2025&rdquo;\"\n\t\t\t\t\t\tdata-wp-on--click=\"woocommerce\/product-collection::actions.viewProduct\"\n\t\t\t\t\t>\n\t\t\t\t\t<span >\u2192<\/span>\n\t\t\t\t\t<\/a><span class=\"wvs-has-block-enabled wvs-hide-view-cart-link\">\n\t\t\t\t<a href=\"https:\/\/www.montreuxjazzshop.com\/fr\/panier\/\" class=\"added_to_cart wc_forward\" title=\"View cart\">View cart<\/a>\n\t\t\t<\/span>\n\t\t\t\t\t\n\t\t\t\t<\/div>\n      <\/div>\n\n   <div class=\"mb-3 font-bold has-small-font-size\">\n       Affiche Lakwena, 2025  <\/div>\n\n  <div data-block-name=\"woocommerce\/product-price\" data-font-size=\"small\" data-text-align=\"left\" class=\"has-font-size has-small-font-size has-text-align-left wp-block-woocommerce-product-price has-small-font-size\" data-wp-interactive=\"woocommerce\/product-elements\" data-wp-context='{\"productElementKey\":\"price_html\"}'><div class=\"wc-block-components-product-price wc-block-grid__product-price price\" data-wp-watch=\"callbacks.updateValue\" aria-live=\"polite\" aria-atomic=\"true\">\n\t\t\t\t\t<span class=\"woocommerce-Price-amount amount\" aria-hidden=\"true\"><bdi><span class=\"woocommerce-Price-currencySymbol\">&#67;&#72;&#70;<\/span>&nbsp;35<\/bdi><\/span> <span aria-hidden=\"true\">\u00a0\u2013\u00a0<\/span> <span class=\"woocommerce-Price-amount amount\" aria-hidden=\"true\"><bdi><span class=\"woocommerce-Price-currencySymbol\">&#67;&#72;&#70;<\/span>&nbsp;89<\/bdi><\/span><span class=\"screen-reader-text\">Plage de prix\u00a0: &#67;&#72;&#70;&nbsp;35 \u00e0 &#67;&#72;&#70;&nbsp;89<\/span>\n\t\t\t\t<\/div><\/div>\n<\/div>\n\n                \n                    \n                    \n<div class=\"dc24-product-card wvs-archive-product-wrapper product type-product post-2379 status-publish instock product_cat-posters product_cat-official-posters product_cat-small-posters has-post-thumbnail taxable shipping-taxable purchasable product-type-variable\">\n  <div class=\"relative mb-2 dc24-product-img-button group\">\n    <div data-block-name=\"woocommerce\/product-image\" data-image-sizing=\"thumbnail\" data-is-descendent-of-query-loop=\"true\" data-show-sale-badge=\"false\" class=\"wc-block-components-product-image wc-block-grid__product-image wc-block-components-product-image--aspect-ratio-auto wp-block-woocommerce-product-image\"><a href=\"https:\/\/www.montreuxjazzshop.com\/fr\/boutique\/posters\/official-posters\/poster-by-malika-favre-2017-montreux-jazz\/\" style=\"\" data-wp-on--click=\"woocommerce\/product-collection::actions.viewProduct\"><img width=\"300\" height=\"300\" src=\"https:\/\/www.montreuxjazzshop.com\/wp-content\/smush-webp\/2025\/05\/MJF-Poster-2017-70x100-1-scaled-300x300.jpg.webp\" class=\"attachment-woocommerce_thumbnail size-woocommerce_thumbnail wvs-archive-product-image\" alt=\"L&#039;Affiche Malika Favre, 2017 pr\u00e9sente des silhouettes noires abstraites dansant sur un fond blanc, avec les d\u00e9tails de l&#039;\u00e9v\u00e9nement en or en bas \u00e0 gauche. Cette affiche a \u00e9t\u00e9 cr\u00e9\u00e9e pour le 51e Festival de jazz de Montreux.\" data-testid=\"product-image\" data-image-id=\"106\" style=\"object-fit:cover;\" loading=\"lazy\" srcset=\"https:\/\/www.montreuxjazzshop.com\/wp-content\/smush-webp\/2025\/05\/MJF-Poster-2017-70x100-1-300x300.jpg.webp 300w, https:\/\/www.montreuxjazzshop.com\/wp-content\/smush-webp\/2025\/05\/MJF-Poster-2017-70x100-1-scaled-100x100.jpg.webp 100w, https:\/\/www.montreuxjazzshop.com\/wp-content\/smush-webp\/2025\/05\/MJF-Poster-2017-70x100-1-scaled-600x600.jpg.webp 600w, https:\/\/www.montreuxjazzshop.com\/wp-content\/smush-webp\/2025\/05\/MJF-Poster-2017-70x100-1-1024x1024.jpg.webp 1024w, https:\/\/www.montreuxjazzshop.com\/wp-content\/smush-webp\/2025\/05\/MJF-Poster-2017-70x100-1-150x150.jpg.webp 150w, https:\/\/www.montreuxjazzshop.com\/wp-content\/smush-webp\/2025\/05\/MJF-Poster-2017-70x100-1-768x768.jpg.webp 768w, https:\/\/www.montreuxjazzshop.com\/wp-content\/smush-webp\/2025\/05\/MJF-Poster-2017-70x100-1-1536x1536.jpg.webp 1536w, https:\/\/www.montreuxjazzshop.com\/wp-content\/smush-webp\/2025\/05\/MJF-Poster-2017-70x100-1-2048x2048.jpg.webp 2048w\" sizes=\"auto, (max-width: 300px) 100vw, 300px\" decoding=\"async\" \/><div class=\"wc-block-components-product-image__inner-container\"><\/div><\/a><\/div>        <img decoding=\"async\"\n                class=\"absolute top-0 left-0 !w-full !h-full object-cover opacity-0 group-hover:opacity-100 transition-opacity duration-500 !m-0 pointer-events-none\"\n                src=\"https:\/\/www.montreuxjazzshop.com\/wp-content\/smush-webp\/2025\/05\/MJF-Poster-2017-30x40-1.jpg.webp\"\n                srcset=\"https:\/\/www.montreuxjazzshop.com\/wp-content\/smush-webp\/2025\/05\/MJF-Poster-2017-30x40-1-300x300.jpg.webp 300w, https:\/\/www.montreuxjazzshop.com\/wp-content\/smush-webp\/2025\/05\/MJF-Poster-2017-30x40-1-100x100.jpg.webp 100w, https:\/\/www.montreuxjazzshop.com\/wp-content\/smush-webp\/2025\/05\/MJF-Poster-2017-30x40-1-600x600.jpg.webp 600w, https:\/\/www.montreuxjazzshop.com\/wp-content\/smush-webp\/2025\/05\/MJF-Poster-2017-30x40-1-1024x1024.jpg.webp 1024w, https:\/\/www.montreuxjazzshop.com\/wp-content\/smush-webp\/2025\/05\/MJF-Poster-2017-30x40-1-150x150.jpg.webp 150w, https:\/\/www.montreuxjazzshop.com\/wp-content\/smush-webp\/2025\/05\/MJF-Poster-2017-30x40-1-768x768.jpg.webp 768w, https:\/\/www.montreuxjazzshop.com\/wp-content\/smush-webp\/2025\/05\/MJF-Poster-2017-30x40-1-1536x1536.jpg.webp 1536w, https:\/\/www.montreuxjazzshop.com\/wp-content\/smush-webp\/2025\/05\/MJF-Poster-2017-30x40-1.jpg.webp 2000w\"\n                alt=\"Affiche Malika Favre, 2017\"\n                loading=\"lazy\"\n        \/>\n    <div data-block-name=\"woocommerce\/product-button\" data-show-quantity=\"false\" class=\"wp-block-button wc-block-components-product-button   align- wp-block-woocommerce-product-button\"\n\t\t\t\t\t\n\t\t\t\t\tdata-wp-context='{\"quantityToAdd\":1,\"productId\":2379,\"productType\":\"variable\",\"addToCartText\":\"\\u2192\",\"tempQuantity\":0,\"animationStatus\":\"IDLE\",\"inTheCartText\":\"### dans le panier\",\"noticeId\":\"\",\"hasPressedButton\":false}'\n\t\t\t\t>\n\t\t\t\t\t<a\n\t\t\t\t\t\tclass=\"wp-block-button__link wp-element-button wc-block-components-product-button__button add_to_cart_button product_type_variable wvs-add-to-cart-button wc-interactive\"\n\t\t\t\t\t\tstyle=\"\"\n\t\t\t\t\t\thref=\"https:\/\/www.montreuxjazzshop.com\/fr\/boutique\/posters\/official-posters\/poster-by-malika-favre-2017-montreux-jazz\/\" rel=\"nofollow\" data-product_id=\"2379\" data-product_sku=\"1000000102017\" aria-label=\"S\u00e9lectionner les options pour &ldquo;Affiche Malika Favre, 2017&rdquo;\"\n\t\t\t\t\t\tdata-wp-on--click=\"woocommerce\/product-collection::actions.viewProduct\"\n\t\t\t\t\t>\n\t\t\t\t\t<span >\u2192<\/span>\n\t\t\t\t\t<\/a><span class=\"wvs-has-block-enabled wvs-hide-view-cart-link\">\n\t\t\t\t<a href=\"https:\/\/www.montreuxjazzshop.com\/fr\/panier\/\" class=\"added_to_cart wc_forward\" title=\"View cart\">View cart<\/a>\n\t\t\t<\/span>\n\t\t\t\t\t\n\t\t\t\t<\/div>\n      <\/div>\n\n   <div class=\"mb-3 font-bold has-small-font-size\">\n       Affiche Malika Favre, 2017  <\/div>\n\n  <div data-block-name=\"woocommerce\/product-price\" data-font-size=\"small\" data-text-align=\"left\" class=\"has-font-size has-small-font-size has-text-align-left wp-block-woocommerce-product-price has-small-font-size\" data-wp-interactive=\"woocommerce\/product-elements\" data-wp-context='{\"productElementKey\":\"price_html\"}'><div class=\"wc-block-components-product-price wc-block-grid__product-price price\" data-wp-watch=\"callbacks.updateValue\" aria-live=\"polite\" aria-atomic=\"true\">\n\t\t\t\t\t<span class=\"woocommerce-Price-amount amount\" aria-hidden=\"true\"><bdi><span class=\"woocommerce-Price-currencySymbol\">&#67;&#72;&#70;<\/span>&nbsp;35<\/bdi><\/span> <span aria-hidden=\"true\">\u00a0\u2013\u00a0<\/span> <span class=\"woocommerce-Price-amount amount\" aria-hidden=\"true\"><bdi><span class=\"woocommerce-Price-currencySymbol\">&#67;&#72;&#70;<\/span>&nbsp;129<\/bdi><\/span><span class=\"screen-reader-text\">Plage de prix\u00a0: &#67;&#72;&#70;&nbsp;35 \u00e0 &#67;&#72;&#70;&nbsp;129<\/span>\n\t\t\t\t<\/div><\/div>\n<\/div>\n\n                \n                    \n                    \n<div class=\"dc24-product-card wvs-archive-product-wrapper product type-product post-2748 status-publish last instock product_cat-t-shirts-2 product_cat-textile has-post-thumbnail taxable shipping-taxable purchasable product-type-variable\">\n  <div class=\"relative mb-2 dc24-product-img-button group\">\n    <div data-block-name=\"woocommerce\/product-image\" data-image-sizing=\"thumbnail\" data-is-descendent-of-query-loop=\"true\" data-show-sale-badge=\"false\" class=\"wc-block-components-product-image wc-block-grid__product-image wc-block-components-product-image--aspect-ratio-auto wp-block-woocommerce-product-image\"><a href=\"https:\/\/www.montreuxjazzshop.com\/fr\/boutique\/t-shirts-2\/t-shirt-montreux-jazz-festival-noir\/\" style=\"\" data-wp-on--click=\"woocommerce\/product-collection::actions.viewProduct\"><img width=\"300\" height=\"300\" src=\"https:\/\/www.montreuxjazzshop.com\/wp-content\/smush-webp\/2025\/09\/MJF22-Shooting-Tshirt-Intemporel-MJFTinguely-Noir-1-300x300.jpg.webp\" class=\"attachment-woocommerce_thumbnail size-woocommerce_thumbnail wvs-archive-product-image\" alt=\"Une personne se tient au bord de l&#039;eau et porte le T-Shirt Montreux Jazz Festival, Noir, avec un lettrage blanc frappant &quot;Montreux Jazz Festival&quot; sur un tissu noir. Seule la partie sup\u00e9rieure du corps est visible.\" data-testid=\"product-image\" data-image-id=\"2790\" style=\"object-fit:cover;\" loading=\"lazy\" srcset=\"https:\/\/www.montreuxjazzshop.com\/wp-content\/smush-webp\/2025\/09\/MJF22-Shooting-Tshirt-Intemporel-MJFTinguely-Noir-1-300x300.jpg.webp 300w, https:\/\/www.montreuxjazzshop.com\/wp-content\/smush-webp\/2025\/09\/MJF22-Shooting-Tshirt-Intemporel-MJFTinguely-Noir-1-100x100.jpg.webp 100w, https:\/\/www.montreuxjazzshop.com\/wp-content\/smush-webp\/2025\/09\/MJF22-Shooting-Tshirt-Intemporel-MJFTinguely-Noir-1-600x600.jpg.webp 600w, https:\/\/www.montreuxjazzshop.com\/wp-content\/smush-webp\/2025\/09\/MJF22-Shooting-Tshirt-Intemporel-MJFTinguely-Noir-1-1024x1024.jpg.webp 1024w, https:\/\/www.montreuxjazzshop.com\/wp-content\/smush-webp\/2025\/09\/MJF22-Shooting-Tshirt-Intemporel-MJFTinguely-Noir-1-150x150.jpg.webp 150w, https:\/\/www.montreuxjazzshop.com\/wp-content\/smush-webp\/2025\/09\/MJF22-Shooting-Tshirt-Intemporel-MJFTinguely-Noir-1-768x768.jpg.webp 768w, https:\/\/www.montreuxjazzshop.com\/wp-content\/smush-webp\/2025\/09\/MJF22-Shooting-Tshirt-Intemporel-MJFTinguely-Noir-1-50x50.jpg.webp 50w, https:\/\/www.montreuxjazzshop.com\/wp-content\/smush-webp\/2025\/09\/MJF22-Shooting-Tshirt-Intemporel-MJFTinguely-Noir-1.jpg.webp 1500w\" sizes=\"auto, (max-width: 300px) 100vw, 300px\" decoding=\"async\" \/><div class=\"wc-block-components-product-image__inner-container\"><\/div><\/a><\/div>        <img decoding=\"async\"\n                class=\"absolute top-0 left-0 !w-full !h-full object-cover opacity-0 group-hover:opacity-100 transition-opacity duration-500 !m-0 pointer-events-none\"\n                src=\"https:\/\/www.montreuxjazzshop.com\/wp-content\/smush-webp\/2025\/05\/MJF-T-shirt-tinguely-noir-scaled.jpg.webp\"\n                srcset=\"https:\/\/www.montreuxjazzshop.com\/wp-content\/smush-webp\/2025\/05\/MJF-T-shirt-tinguely-noir-300x300.jpg.webp 300w, https:\/\/www.montreuxjazzshop.com\/wp-content\/smush-webp\/2025\/05\/MJF-T-shirt-tinguely-noir-scaled-100x100.jpg.webp 100w, https:\/\/www.montreuxjazzshop.com\/wp-content\/smush-webp\/2025\/05\/MJF-T-shirt-tinguely-noir-scaled-600x600.jpg.webp 600w, https:\/\/www.montreuxjazzshop.com\/wp-content\/smush-webp\/2025\/05\/MJF-T-shirt-tinguely-noir-1024x1024.jpg.webp 1024w, https:\/\/www.montreuxjazzshop.com\/wp-content\/smush-webp\/2025\/05\/MJF-T-shirt-tinguely-noir-150x150.jpg.webp 150w, https:\/\/www.montreuxjazzshop.com\/wp-content\/smush-webp\/2025\/05\/MJF-T-shirt-tinguely-noir-768x768.jpg.webp 768w, https:\/\/www.montreuxjazzshop.com\/wp-content\/smush-webp\/2025\/05\/MJF-T-shirt-tinguely-noir-1536x1536.jpg.webp 1536w, https:\/\/www.montreuxjazzshop.com\/wp-content\/smush-webp\/2025\/05\/MJF-T-shirt-tinguely-noir-2048x2048.jpg.webp 2048w\"\n                alt=\"T-Shirt Montreux Jazz Festival, Noir\"\n                loading=\"lazy\"\n        \/>\n    <div data-block-name=\"woocommerce\/product-button\" data-show-quantity=\"false\" class=\"wp-block-button wc-block-components-product-button   align- wp-block-woocommerce-product-button\"\n\t\t\t\t\t\n\t\t\t\t\tdata-wp-context='{\"quantityToAdd\":1,\"productId\":2748,\"productType\":\"variable\",\"addToCartText\":\"\\u2192\",\"tempQuantity\":0,\"animationStatus\":\"IDLE\",\"inTheCartText\":\"### dans le panier\",\"noticeId\":\"\",\"hasPressedButton\":false}'\n\t\t\t\t>\n\t\t\t\t\t<a\n\t\t\t\t\t\tclass=\"wp-block-button__link wp-element-button wc-block-components-product-button__button add_to_cart_button product_type_variable wvs-add-to-cart-button wc-interactive\"\n\t\t\t\t\t\tstyle=\"\"\n\t\t\t\t\t\thref=\"https:\/\/www.montreuxjazzshop.com\/fr\/boutique\/t-shirts-2\/t-shirt-montreux-jazz-festival-noir\/\" rel=\"nofollow\" data-product_id=\"2748\" data-product_sku=\"2005000602017\" aria-label=\"S\u00e9lectionner les options pour &ldquo;T-Shirt Montreux Jazz Festival, Noir&rdquo;\"\n\t\t\t\t\t\tdata-wp-on--click=\"woocommerce\/product-collection::actions.viewProduct\"\n\t\t\t\t\t>\n\t\t\t\t\t<span >\u2192<\/span>\n\t\t\t\t\t<\/a><span class=\"wvs-has-block-enabled wvs-hide-view-cart-link\">\n\t\t\t\t<a href=\"https:\/\/www.montreuxjazzshop.com\/fr\/panier\/\" class=\"added_to_cart wc_forward\" title=\"View cart\">View cart<\/a>\n\t\t\t<\/span>\n\t\t\t\t\t\n\t\t\t\t<\/div>\n      <\/div>\n\n   <div class=\"mb-3 font-bold has-small-font-size\">\n       T-Shirt Montreux Jazz Festival, Noir  <\/div>\n\n  <div data-block-name=\"woocommerce\/product-price\" data-font-size=\"small\" data-text-align=\"left\" class=\"has-font-size has-small-font-size has-text-align-left wp-block-woocommerce-product-price has-small-font-size\" ><div class=\"wc-block-components-product-price wc-block-grid__product-price price\" >\n\t\t\t\t\t<span class=\"woocommerce-Price-amount amount\"><bdi><span class=\"woocommerce-Price-currencySymbol\">&#67;&#72;&#70;<\/span>&nbsp;39<\/bdi><\/span>\n\t\t\t\t<\/div><\/div>\n<\/div>\n\n                                <\/ul>\n\n                        <\/section>\n\n\n    <\/div>\n<\/div><\/div>\n<\/div>\n\n\n\n<div class=\"wp-block-group alignfull gm-home__univers has-global-padding is-content-justification-center is-layout-constrained wp-container-core-group-is-layout-626940da wp-block-group-is-layout-constrained\" style=\"margin-top:0;margin-bottom:0;padding-top:var(--wp--preset--spacing--60);padding-right:0;padding-bottom:var(--wp--preset--spacing--60);padding-left:0\">\n<h2 class=\"wp-block-heading has-text-align-center\" id=\"h-decouvrez-notre-univers\">D\u00e9couvrez notre univers<\/h2>\n\n\n\n<div class=\"wp-block-group alignfull has-global-padding is-content-justification-center is-layout-constrained wp-container-core-group-is-layout-626940da wp-block-group-is-layout-constrained\" style=\"margin-top:0;margin-bottom:0;padding-top:var(--wp--preset--spacing--60);padding-right:0;padding-bottom:var(--wp--preset--spacing--60);padding-left:0\">\n<div class=\"wp-block-columns alignwide gm-home__univers-col-2 is-layout-flex wp-container-core-columns-is-layout-d0b3c9c8 wp-block-columns-is-layout-flex\">\n<div class=\"wp-block-column is-vertically-aligned-stretch is-layout-flow wp-block-column-is-layout-flow\">\n<div class=\"wp-block-cover has-custom-content-position is-position-top-left tw-stretched-link tw-hover-zoom\" style=\"min-height:506px;aspect-ratio:unset;\"><img loading=\"lazy\" decoding=\"async\" width=\"1024\" height=\"389\" sizes=\"auto, (max-width: 799px) 200vw, (max-width: 1300px) 100vw, 1300px\" class=\"wp-block-cover__image-background wp-image-6189 size-large\" alt=\"\" src=\"https:\/\/dev2026.montreuxjazzshop.com\/wp-content\/uploads\/2025\/09\/MJF-homepage-hero-shop-colors-1024x389.jpg\" data-object-fit=\"cover\" srcset=\"https:\/\/www.montreuxjazzshop.com\/wp-content\/smush-webp\/2025\/09\/MJF-homepage-hero-shop-colors-1024x389.jpg.webp 1024w, https:\/\/www.montreuxjazzshop.com\/wp-content\/smush-webp\/2025\/09\/MJF-homepage-hero-shop-colors-600x228.jpg.webp 600w, https:\/\/www.montreuxjazzshop.com\/wp-content\/smush-webp\/2025\/09\/MJF-homepage-hero-shop-colors-300x114.jpg.webp 300w, https:\/\/www.montreuxjazzshop.com\/wp-content\/smush-webp\/2025\/09\/MJF-homepage-hero-shop-colors-768x292.jpg.webp 768w, https:\/\/www.montreuxjazzshop.com\/wp-content\/smush-webp\/2025\/09\/MJF-homepage-hero-shop-colors.jpg.webp 1300w\" \/><span aria-hidden=\"true\" class=\"wp-block-cover__background has-background-dim-60 has-background-dim wp-block-cover__gradient-background has-background-gradient\" style=\"background:linear-gradient(122deg,rgb(0,0,0) 0%,rgba(255,255,255,0) 23%,rgba(255,255,255,0) 99%)\"><\/span><div class=\"wp-block-cover__inner-container has-global-padding is-layout-constrained wp-block-cover-is-layout-constrained\">\n<h2 class=\"wp-block-heading has-text-align-center has-gray-100-color has-text-color has-link-color has-large-font-size wp-elements-cd900bf8f1d5366fbbd76086a9430abd\" id=\"h-affiches\"><a href=\"https:\/\/dev2026.montreuxjazzshop.com\/boutique-categorie\/affiches\/\" data-type=\"product_cat\" data-id=\"298\">Affiches<\/a><\/h2>\n<\/div><\/div>\n<\/div>\n\n\n\n<div class=\"wp-block-column is-layout-flow wp-block-column-is-layout-flow\">\n<div class=\"wp-block-cover has-custom-content-position is-position-top-left tw-stretched-link tw-hover-zoom\" style=\"min-height:228px;aspect-ratio:unset;\"><img loading=\"lazy\" decoding=\"async\" width=\"1000\" height=\"584\" sizes=\"auto, (max-width: 799px) 200vw, (max-width: 1000px) 100vw, 1000px\" class=\"wp-block-cover__image-background wp-image-6191 size-full\" alt=\"\" src=\"https:\/\/dev2026.montreuxjazzshop.com\/wp-content\/uploads\/2025\/09\/mjf-t-shirts-home-page.jpg\" data-object-fit=\"cover\" srcset=\"https:\/\/www.montreuxjazzshop.com\/wp-content\/smush-webp\/2025\/09\/mjf-t-shirts-home-page.jpg.webp 1000w, https:\/\/www.montreuxjazzshop.com\/wp-content\/smush-webp\/2025\/09\/mjf-t-shirts-home-page-600x350.jpg.webp 600w, https:\/\/www.montreuxjazzshop.com\/wp-content\/smush-webp\/2025\/09\/mjf-t-shirts-home-page-300x175.jpg.webp 300w, https:\/\/www.montreuxjazzshop.com\/wp-content\/smush-webp\/2025\/09\/mjf-t-shirts-home-page-768x449.jpg.webp 768w\" \/><span aria-hidden=\"true\" class=\"wp-block-cover__background has-background-dim-100 has-background-dim wp-block-cover__gradient-background has-background-gradient\" style=\"background:linear-gradient(135deg,rgb(0,0,0) 0%,rgba(0,0,0,0) 36%)\"><\/span><div class=\"wp-block-cover__inner-container has-global-padding is-layout-constrained wp-block-cover-is-layout-constrained\">\n<h2 class=\"wp-block-heading has-text-align-center has-gray-100-color has-text-color has-link-color has-large-font-size wp-elements-923262ca3046601a363e613ba7c374c8\" id=\"h-textiles\"><a href=\"https:\/\/dev2026.montreuxjazzshop.com\/boutique-categorie\/textile\/\" data-type=\"product_cat\" data-id=\"302\">Textiles<\/a><\/h2>\n<\/div><\/div>\n\n\n\n<div class=\"wp-block-cover has-custom-content-position is-position-top-left gm-home__univers-ban-2 tw-stretched-link tw-hover-zoom\" style=\"min-height:50%;aspect-ratio:unset;\"><img loading=\"lazy\" decoding=\"async\" width=\"1000\" height=\"584\" sizes=\"auto, (max-width: 799px) 200vw, (max-width: 1000px) 100vw, 1000px\" class=\"wp-block-cover__image-background wp-image-6190 size-full\" alt=\"\" src=\"https:\/\/dev2026.montreuxjazzshop.com\/wp-content\/uploads\/2025\/09\/mjf-musique-home-page.jpg\" data-object-fit=\"cover\" srcset=\"https:\/\/www.montreuxjazzshop.com\/wp-content\/smush-webp\/2025\/09\/mjf-musique-home-page.jpg.webp 1000w, https:\/\/www.montreuxjazzshop.com\/wp-content\/smush-webp\/2025\/09\/mjf-musique-home-page-600x350.jpg.webp 600w, https:\/\/www.montreuxjazzshop.com\/wp-content\/smush-webp\/2025\/09\/mjf-musique-home-page-300x175.jpg.webp 300w, https:\/\/www.montreuxjazzshop.com\/wp-content\/smush-webp\/2025\/09\/mjf-musique-home-page-768x449.jpg.webp 768w\" \/><span aria-hidden=\"true\" class=\"wp-block-cover__background has-background-dim wp-block-cover__gradient-background has-background-gradient\" style=\"background:linear-gradient(135deg,rgb(0,0,0) 0%,rgba(0,0,0,0) 30%)\"><\/span><div class=\"wp-block-cover__inner-container has-global-padding is-layout-constrained wp-block-cover-is-layout-constrained\">\n<h2 class=\"wp-block-heading has-text-align-center has-gray-100-color has-text-color has-link-color has-large-font-size wp-elements-926857fafb4cdeecb32c32a213d0c8f3\" id=\"h-musique\"><a href=\"https:\/\/dev2026.montreuxjazzshop.com\/boutique-categorie\/musique\/\" data-type=\"product_cat\" data-id=\"304\">Musique<\/a><\/h2>\n<\/div><\/div>\n<\/div>\n<\/div>\n<\/div>\n<\/div>\n\n\n\n<div class=\"wp-block-group alignfull gm-home__last-chance has-global-padding is-content-justification-center is-layout-constrained wp-container-core-group-is-layout-626940da wp-block-group-is-layout-constrained\" style=\"margin-top:0;margin-bottom:0;padding-top:var(--wp--preset--spacing--60);padding-right:0;padding-bottom:var(--wp--preset--spacing--60);padding-left:0\">\n<h2 class=\"wp-block-heading alignfull has-text-align-center\" id=\"h-last-chance\">Last chance<\/h2>\n\n\n\n<div class=\"wp-block-group alignfull is-layout-flow wp-block-group-is-layout-flow\" style=\"padding-right:var(--wp--preset--spacing--50);padding-left:var(--wp--preset--spacing--50)\">\n<div class=\"relative\">\n    <div class=\"relative px-4 py-8 mx-auto\">\n        <section class=\"relative w-full woocommerce\">\n\n            \n                <ul class=\"products columns-4\">\n\n                \n                    \n                    \n<div class=\"dc24-product-card product type-product post-4599 status-publish first outofstock product_cat-355 product_cat-accessoires product_cat-last-chance product_cat-rylsee product_cat-sacs has-post-thumbnail sale taxable shipping-taxable purchasable product-type-simple\">\n  <div class=\"relative mb-2 dc24-product-img-button group\">\n    <div data-block-name=\"woocommerce\/product-image\" data-image-sizing=\"thumbnail\" data-is-descendent-of-query-loop=\"true\" data-show-sale-badge=\"false\" class=\"wc-block-components-product-image wc-block-grid__product-image wc-block-components-product-image--aspect-ratio-auto wp-block-woocommerce-product-image\"><a href=\"https:\/\/www.montreuxjazzshop.com\/fr\/boutique\/edition\/2024\/tote-bag-rylsee-bleu-montreux-jazz\/\" style=\"\" data-wp-on--click=\"woocommerce\/product-collection::actions.viewProduct\"><img width=\"300\" height=\"300\" src=\"https:\/\/www.montreuxjazzshop.com\/wp-content\/smush-webp\/2025\/05\/MJF24-Totebag-Rylse-Bleu-Lui-Montreux-Jazz-Festival-300x300.jpg.webp\" class=\"attachment-woocommerce_thumbnail size-woocommerce_thumbnail wvs-archive-product-image\" alt=\"Une personne tient le Tote Bag Rylsee, Bleu, avec un texte bleu clair &quot;SOUNDS LIKE MONSTRE BIEN&quot; et un monstre jouant de la guitare. En arri\u00e8re-plan, un feuillage vert encadre le motif inspir\u00e9 de Montreux Bleu.\" data-testid=\"product-image\" data-image-id=\"1606\" style=\"object-fit:cover;\" loading=\"lazy\" srcset=\"https:\/\/www.montreuxjazzshop.com\/wp-content\/smush-webp\/2025\/05\/MJF24-Totebag-Rylse-Bleu-Lui-Montreux-Jazz-Festival-300x300.jpg.webp 300w, https:\/\/www.montreuxjazzshop.com\/wp-content\/smush-webp\/2025\/05\/MJF24-Totebag-Rylse-Bleu-Lui-Montreux-Jazz-Festival-100x100.jpg.webp 100w, https:\/\/www.montreuxjazzshop.com\/wp-content\/smush-webp\/2025\/05\/MJF24-Totebag-Rylse-Bleu-Lui-Montreux-Jazz-Festival-600x600.jpg.webp 600w, https:\/\/www.montreuxjazzshop.com\/wp-content\/smush-webp\/2025\/05\/MJF24-Totebag-Rylse-Bleu-Lui-Montreux-Jazz-Festival-1024x1024.jpg.webp 1024w, https:\/\/www.montreuxjazzshop.com\/wp-content\/smush-webp\/2025\/05\/MJF24-Totebag-Rylse-Bleu-Lui-Montreux-Jazz-Festival-150x150.jpg.webp 150w, https:\/\/www.montreuxjazzshop.com\/wp-content\/smush-webp\/2025\/05\/MJF24-Totebag-Rylse-Bleu-Lui-Montreux-Jazz-Festival-768x768.jpg.webp 768w, https:\/\/www.montreuxjazzshop.com\/wp-content\/smush-webp\/2025\/05\/MJF24-Totebag-Rylse-Bleu-Lui-Montreux-Jazz-Festival.jpg.webp 1500w\" sizes=\"auto, (max-width: 300px) 100vw, 300px\" decoding=\"async\" \/><div class=\"wc-block-components-product-image__inner-container\"><\/div><\/a><\/div><span class=\"inline-block onsale\">-60%<\/span><div data-block-name=\"woocommerce\/product-button\" data-show-quantity=\"false\" class=\"wp-block-button wc-block-components-product-button   align- wp-block-woocommerce-product-button\"\n\t\t\t\t\t\n\t\t\t\t\tdata-wp-context='{\"quantityToAdd\":1,\"productId\":4599,\"productType\":\"simple\",\"addToCartText\":\"\\u2192\",\"tempQuantity\":0,\"animationStatus\":\"IDLE\",\"inTheCartText\":\"### dans le panier\",\"noticeId\":\"\",\"hasPressedButton\":false}'\n\t\t\t\t>\n\t\t\t\t\t<a\n\t\t\t\t\t\tclass=\"wp-block-button__link wp-element-button wc-block-components-product-button__button product_type_simple wc-interactive\"\n\t\t\t\t\t\tstyle=\"\"\n\t\t\t\t\t\thref=\"https:\/\/www.montreuxjazzshop.com\/fr\/boutique\/edition\/2024\/tote-bag-rylsee-bleu-montreux-jazz\/\" rel=\"nofollow\" data-product_id=\"4599\" data-product_sku=\"3030200922024-BLEU\" aria-label=\"En savoir plus sur &ldquo;Tote Bag Rylsee, Bleu&rdquo;\"\n\t\t\t\t\t\tdata-wp-on--click=\"woocommerce\/product-collection::actions.viewProduct\"\n\t\t\t\t\t>\n\t\t\t\t\t<span >\u2192<\/span>\n\t\t\t\t\t<\/a>\n\t\t\t\t\t\n\t\t\t\t<\/div>\n    <span class=\"inline-block onsale mjf-outofstock-flash\">Rupture de stock<\/span>  <\/div>\n\n   <div class=\"mb-3 font-bold has-small-font-size\">\n       Tote Bag Rylsee, Bleu  <\/div>\n\n  <div data-block-name=\"woocommerce\/product-price\" data-font-size=\"small\" data-text-align=\"left\" class=\"has-font-size has-small-font-size has-text-align-left wp-block-woocommerce-product-price has-small-font-size\" ><div class=\"wc-block-components-product-price wc-block-grid__product-price price\" >\n\t\t\t\t\t<del aria-hidden=\"true\"><span class=\"woocommerce-Price-amount amount\"><bdi><span class=\"woocommerce-Price-currencySymbol\">&#67;&#72;&#70;<\/span>&nbsp;25<\/bdi><\/span><\/del> <span class=\"screen-reader-text\">Le prix initial \u00e9tait\u00a0: &#067;&#072;&#070;&nbsp;25.<\/span><ins aria-hidden=\"true\"><span class=\"woocommerce-Price-amount amount\"><bdi><span class=\"woocommerce-Price-currencySymbol\">&#67;&#72;&#70;<\/span>&nbsp;10<\/bdi><\/span><\/ins><span class=\"screen-reader-text\">Le prix actuel est\u00a0: &#067;&#072;&#070;&nbsp;10.<\/span>\n\t\t\t\t<\/div><\/div>\n<\/div>\n\n                \n                    \n                    \n<div class=\"dc24-product-card wvs-archive-product-wrapper product type-product post-3084 status-publish instock product_cat-last-chance product_cat-t-shirts-2 product_cat-textile has-post-thumbnail sale taxable shipping-taxable purchasable product-type-variable\">\n  <div class=\"relative mb-2 dc24-product-img-button group\">\n    <div data-block-name=\"woocommerce\/product-image\" data-image-sizing=\"thumbnail\" data-is-descendent-of-query-loop=\"true\" data-show-sale-badge=\"false\" class=\"wc-block-components-product-image wc-block-grid__product-image wc-block-components-product-image--aspect-ratio-auto wp-block-woocommerce-product-image\"><a href=\"https:\/\/www.montreuxjazzshop.com\/fr\/boutique\/last-chance\/t-shirt-jr-2020-montreux-jazz\/\" style=\"\" data-wp-on--click=\"woocommerce\/product-collection::actions.viewProduct\"><img width=\"300\" height=\"300\" src=\"https:\/\/www.montreuxjazzshop.com\/wp-content\/smush-webp\/2025\/05\/MJF22-Shooting-Tshirt-Intemporel-2020-2-300x300.jpg.webp\" class=\"attachment-woocommerce_thumbnail size-woocommerce_thumbnail wvs-archive-product-image\" alt=\"Une personne portant le T-Shirt JR, 2020 - un tee-shirt blanc portant le texte noir &quot;54th Montreux Jazz Festival 3-18 July 2020&quot; et un graphique d&#039;\u0153il regardant \u00e0 travers une main sur le devant.\" data-testid=\"product-image\" data-image-id=\"709\" style=\"object-fit:cover;\" loading=\"lazy\" srcset=\"https:\/\/www.montreuxjazzshop.com\/wp-content\/smush-webp\/2025\/05\/MJF22-Shooting-Tshirt-Intemporel-2020-2-300x300.jpg.webp 300w, https:\/\/www.montreuxjazzshop.com\/wp-content\/smush-webp\/2025\/05\/MJF22-Shooting-Tshirt-Intemporel-2020-2-100x100.jpg.webp 100w, https:\/\/www.montreuxjazzshop.com\/wp-content\/smush-webp\/2025\/05\/MJF22-Shooting-Tshirt-Intemporel-2020-2-600x600.jpg.webp 600w, https:\/\/www.montreuxjazzshop.com\/wp-content\/smush-webp\/2025\/05\/MJF22-Shooting-Tshirt-Intemporel-2020-2-1024x1024.jpg.webp 1024w, https:\/\/www.montreuxjazzshop.com\/wp-content\/smush-webp\/2025\/05\/MJF22-Shooting-Tshirt-Intemporel-2020-2-150x150.jpg.webp 150w, https:\/\/www.montreuxjazzshop.com\/wp-content\/smush-webp\/2025\/05\/MJF22-Shooting-Tshirt-Intemporel-2020-2-768x767.jpg.webp 768w, https:\/\/www.montreuxjazzshop.com\/wp-content\/smush-webp\/2025\/05\/MJF22-Shooting-Tshirt-Intemporel-2020-2.jpg.webp 1500w\" sizes=\"auto, (max-width: 300px) 100vw, 300px\" decoding=\"async\" \/><div class=\"wc-block-components-product-image__inner-container\"><\/div><\/a><\/div>        <img decoding=\"async\"\n                class=\"absolute top-0 left-0 !w-full !h-full object-cover opacity-0 group-hover:opacity-100 transition-opacity duration-500 !m-0 pointer-events-none\"\n                src=\"https:\/\/www.montreuxjazzshop.com\/wp-content\/smush-webp\/2025\/05\/MJF-T-shirt-JR-2020.jpg.webp\"\n                srcset=\"https:\/\/www.montreuxjazzshop.com\/wp-content\/smush-webp\/2025\/05\/MJF-T-shirt-JR-2020-300x300.jpg.webp 300w, https:\/\/www.montreuxjazzshop.com\/wp-content\/smush-webp\/2025\/05\/MJF-T-shirt-JR-2020-100x100.jpg.webp 100w, https:\/\/www.montreuxjazzshop.com\/wp-content\/smush-webp\/2025\/05\/MJF-T-shirt-JR-2020-600x600.jpg.webp 600w, https:\/\/www.montreuxjazzshop.com\/wp-content\/smush-webp\/2025\/05\/MJF-T-shirt-JR-2020-1024x1024.jpg.webp 1024w, https:\/\/www.montreuxjazzshop.com\/wp-content\/smush-webp\/2025\/05\/MJF-T-shirt-JR-2020-150x150.jpg.webp 150w, https:\/\/www.montreuxjazzshop.com\/wp-content\/smush-webp\/2025\/05\/MJF-T-shirt-JR-2020-768x768.jpg.webp 768w, https:\/\/www.montreuxjazzshop.com\/wp-content\/smush-webp\/2025\/05\/MJF-T-shirt-JR-2020-1536x1536.jpg.webp 1536w, https:\/\/www.montreuxjazzshop.com\/wp-content\/smush-webp\/2025\/05\/MJF-T-shirt-JR-2020.jpg.webp 2000w\"\n                alt=\"T-Shirt JR, 2020\"\n                loading=\"lazy\"\n        \/>\n    <span class=\"inline-block onsale\">Promo<\/span><div data-block-name=\"woocommerce\/product-button\" data-show-quantity=\"false\" class=\"wp-block-button wc-block-components-product-button   align- wp-block-woocommerce-product-button\"\n\t\t\t\t\t\n\t\t\t\t\tdata-wp-context='{\"quantityToAdd\":1,\"productId\":3084,\"productType\":\"variable\",\"addToCartText\":\"\\u2192\",\"tempQuantity\":0,\"animationStatus\":\"IDLE\",\"inTheCartText\":\"### dans le panier\",\"noticeId\":\"\",\"hasPressedButton\":false}'\n\t\t\t\t>\n\t\t\t\t\t<a\n\t\t\t\t\t\tclass=\"wp-block-button__link wp-element-button wc-block-components-product-button__button add_to_cart_button product_type_variable wvs-add-to-cart-button wc-interactive\"\n\t\t\t\t\t\tstyle=\"\"\n\t\t\t\t\t\thref=\"https:\/\/www.montreuxjazzshop.com\/fr\/boutique\/last-chance\/t-shirt-jr-2020-montreux-jazz\/\" rel=\"nofollow\" data-product_id=\"3084\" data-product_sku=\"2000000502020\" aria-label=\"S\u00e9lectionner les options pour &ldquo;T-Shirt JR, 2020&rdquo;\"\n\t\t\t\t\t\tdata-wp-on--click=\"woocommerce\/product-collection::actions.viewProduct\"\n\t\t\t\t\t>\n\t\t\t\t\t<span >\u2192<\/span>\n\t\t\t\t\t<\/a><span class=\"wvs-has-block-enabled wvs-hide-view-cart-link\">\n\t\t\t\t<a href=\"https:\/\/www.montreuxjazzshop.com\/fr\/panier\/\" class=\"added_to_cart wc_forward\" title=\"View cart\">View cart<\/a>\n\t\t\t<\/span>\n\t\t\t\t\t\n\t\t\t\t<\/div>\n      <\/div>\n\n   <div class=\"mb-3 font-bold has-small-font-size\">\n       T-Shirt JR, 2020  <\/div>\n\n  <div data-block-name=\"woocommerce\/product-price\" data-font-size=\"small\" data-text-align=\"left\" class=\"has-font-size has-small-font-size has-text-align-left wp-block-woocommerce-product-price has-small-font-size\" ><div class=\"wc-block-components-product-price wc-block-grid__product-price price\" >\n\t\t\t\t\t<del aria-hidden=\"true\"><span class=\"woocommerce-Price-amount amount\"><bdi><span class=\"woocommerce-Price-currencySymbol\">&#67;&#72;&#70;<\/span>&nbsp;39<\/bdi><\/span><\/del> <span class=\"screen-reader-text\">Le prix initial \u00e9tait\u00a0: &#067;&#072;&#070;&nbsp;39.<\/span><ins aria-hidden=\"true\"><span class=\"woocommerce-Price-amount amount\"><bdi><span class=\"woocommerce-Price-currencySymbol\">&#67;&#72;&#70;<\/span>&nbsp;19.50<\/bdi><\/span><\/ins><span class=\"screen-reader-text\">Le prix actuel est\u00a0: &#067;&#072;&#070;&nbsp;19.50.<\/span>\n\t\t\t\t<\/div><\/div>\n<\/div>\n\n                \n                    \n                    \n<div class=\"dc24-product-card product type-product post-2672 status-publish instock product_cat-last-chance product_cat-musique product_cat-vinyls-fr has-post-thumbnail sale featured taxable shipping-taxable purchasable product-type-simple\">\n  <div class=\"relative mb-2 dc24-product-img-button group\">\n    <div data-block-name=\"woocommerce\/product-image\" data-image-sizing=\"thumbnail\" data-is-descendent-of-query-loop=\"true\" data-show-sale-badge=\"false\" class=\"wc-block-components-product-image wc-block-grid__product-image wc-block-components-product-image--aspect-ratio-auto wp-block-woocommerce-product-image\"><a href=\"https:\/\/www.montreuxjazzshop.com\/fr\/boutique\/musique\/vinyls-fr\/charles-lloyd-quartet-live-at-montreux-jazz-festival-1967\/\" style=\"\" data-wp-on--click=\"woocommerce\/product-collection::actions.viewProduct\"><img width=\"300\" height=\"300\" src=\"https:\/\/www.montreuxjazzshop.com\/wp-content\/smush-webp\/2025\/05\/Vinyl-charles-lloyd-mockup-300x300.jpg.webp\" class=\"attachment-woocommerce_thumbnail size-woocommerce_thumbnail wvs-archive-product-image\" alt=\"Un disque vinyle partiellement sorti de sa pochette, sur laquelle figure une photo en noir et blanc de Charles Lloyd jouant du saxophone. Sur la pochette, on peut lire : &quot;Charles Lloyd Quartet, Live at Montreux Jazz Festival, 1967&quot; : Charles Lloyd Quartet, Live at Montreux Jazz Festival, 1967.\" data-testid=\"product-image\" data-image-id=\"639\" style=\"object-fit:cover;\" loading=\"lazy\" srcset=\"https:\/\/www.montreuxjazzshop.com\/wp-content\/smush-webp\/2025\/05\/Vinyl-charles-lloyd-mockup-300x300.jpg.webp 300w, https:\/\/www.montreuxjazzshop.com\/wp-content\/smush-webp\/2025\/05\/Vinyl-charles-lloyd-mockup-100x100.jpg.webp 100w, https:\/\/www.montreuxjazzshop.com\/wp-content\/smush-webp\/2025\/05\/Vinyl-charles-lloyd-mockup-600x600.jpg.webp 600w, https:\/\/www.montreuxjazzshop.com\/wp-content\/smush-webp\/2025\/05\/Vinyl-charles-lloyd-mockup-1024x1024.jpg.webp 1024w, https:\/\/www.montreuxjazzshop.com\/wp-content\/smush-webp\/2025\/05\/Vinyl-charles-lloyd-mockup-150x150.jpg.webp 150w, https:\/\/www.montreuxjazzshop.com\/wp-content\/smush-webp\/2025\/05\/Vinyl-charles-lloyd-mockup-768x768.jpg.webp 768w, https:\/\/www.montreuxjazzshop.com\/wp-content\/smush-webp\/2025\/05\/Vinyl-charles-lloyd-mockup-1536x1536.jpg.webp 1536w, https:\/\/www.montreuxjazzshop.com\/wp-content\/smush-webp\/2025\/05\/Vinyl-charles-lloyd-mockup.jpg.webp 2000w\" sizes=\"auto, (max-width: 300px) 100vw, 300px\" decoding=\"async\" \/><div class=\"wc-block-components-product-image__inner-container\"><\/div><\/a><\/div><span class=\"inline-block onsale\">-41%<\/span><div data-block-name=\"woocommerce\/product-button\" data-show-quantity=\"false\" class=\"wp-block-button wc-block-components-product-button   align- wp-block-woocommerce-product-button\"\n\t\t\t\t\t\n\t\t\tdata-wp-interactive=\"woocommerce\/product-button\"\n\t\t\n\t\t\t\t\tdata-wp-context='{\"quantityToAdd\":1,\"productId\":2672,\"productType\":\"simple\",\"addToCartText\":\"+\",\"tempQuantity\":0,\"animationStatus\":\"IDLE\",\"inTheCartText\":\"### dans le panier\",\"noticeId\":\"\",\"hasPressedButton\":false}'\n\t\t\t\t>\n\t\t\t\t\t<button\n\t\t\t\t\t\tclass=\"wp-block-button__link wp-element-button wc-block-components-product-button__button add_to_cart_button ajax_add_to_cart product_type_simple wc-interactive\"\n\t\t\t\t\t\tstyle=\"\"\n\t\t\t\t\t\ttype=\"button\" data-product_id=\"2672\" data-product_sku=\"5800200102020\" aria-label=\"Ajouter au panier\u00a0: &ldquo;Charles Lloyd Quartet, Live at Montreux Jazz Festival, 1967&rdquo;\"\n\t\t\t\t\t\tdata-wp-on--click=\"actions.addCartItem\"\n\t\t\t\t\t>\n\t\t\t\t\t<span \n\t\t\tdata-wp-text=\"state.addToCartText\"\n\t\t\tdata-wp-class--wc-block-slide-in=\"state.slideInAnimation\"\n\t\t\tdata-wp-class--wc-block-slide-out=\"state.slideOutAnimation\"\n\t\t\tdata-wp-on--animationend=\"actions.handleAnimationEnd\"\n\t\t\tdata-wp-watch=\"callbacks.startAnimation\"\n\t\t\tdata-wp-run=\"callbacks.syncTempQuantityOnLoad\"\n\t\t>+<\/span>\n\t\t\t\t\t<\/button>\n\t\t\t\t\t<span\n\t\t\t\thidden\n\t\t\t\tdata-wp-bind--hidden=\"!state.displayViewCart\"\n\t\t\t>\n\t\t\t\t<a\n\t\t\t\t\thref=\"https:\/\/www.montreuxjazzshop.com\/fr\/panier\/\"\n\t\t\t\t\tclass=\"added_to_cart wc_forward\"\n\t\t\t\t\ttitle=\"Voir le panier\"\n\t\t\t\t>\n\t\t\t\t\tVoir le panier\n\t\t\t\t<\/a>\n\t\t\t<\/span>\n\t\t\t\t<\/div>\n      <\/div>\n\n   <div class=\"mb-3 font-bold has-small-font-size\">\n       Charles Lloyd Quartet, Live at Montreux Jazz Festival, 1967  <\/div>\n\n  <div data-block-name=\"woocommerce\/product-price\" data-font-size=\"small\" data-text-align=\"left\" class=\"has-font-size has-small-font-size has-text-align-left wp-block-woocommerce-product-price has-small-font-size\" ><div class=\"wc-block-components-product-price wc-block-grid__product-price price\" >\n\t\t\t\t\t<del aria-hidden=\"true\"><span class=\"woocommerce-Price-amount amount\"><bdi><span class=\"woocommerce-Price-currencySymbol\">&#67;&#72;&#70;<\/span>&nbsp;59<\/bdi><\/span><\/del> <span class=\"screen-reader-text\">Le prix initial \u00e9tait\u00a0: &#067;&#072;&#070;&nbsp;59.<\/span><ins aria-hidden=\"true\"><span class=\"woocommerce-Price-amount amount\"><bdi><span class=\"woocommerce-Price-currencySymbol\">&#67;&#72;&#70;<\/span>&nbsp;35<\/bdi><\/span><\/ins><span class=\"screen-reader-text\">Le prix actuel est\u00a0: &#067;&#072;&#070;&nbsp;35.<\/span>\n\t\t\t\t<\/div><\/div>\n<\/div>\n\n                \n                    \n                    \n<div class=\"dc24-product-card product type-product post-4189 status-publish last instock product_cat-casquettes-bonnets product_cat-last-chance product_cat-textile has-post-thumbnail taxable shipping-taxable purchasable product-type-simple\">\n  <div class=\"relative mb-2 dc24-product-img-button group\">\n    <div data-block-name=\"woocommerce\/product-image\" data-image-sizing=\"thumbnail\" data-is-descendent-of-query-loop=\"true\" data-show-sale-badge=\"false\" class=\"wc-block-components-product-image wc-block-grid__product-image wc-block-components-product-image--aspect-ratio-auto wp-block-woocommerce-product-image\"><a href=\"https:\/\/www.montreuxjazzshop.com\/fr\/boutique\/textile\/casquettes-bonnets\/bonnet-beige-montreux-jazz-festival\/\" style=\"\" data-wp-on--click=\"woocommerce\/product-collection::actions.viewProduct\"><img width=\"300\" height=\"300\" src=\"https:\/\/www.montreuxjazzshop.com\/wp-content\/smush-webp\/2025\/09\/MJF25-Shooting-Lifestyle-Bonnet-Beige-1-web-300x300.jpg.webp\" class=\"attachment-woocommerce_thumbnail size-woocommerce_thumbnail wvs-archive-product-image\" alt=\"Une personne aux longs cheveux bruns boucl\u00e9s porte un bonnet Bonnet beige, Montreux Jazz Festival, de couleur cr\u00e8me avec une \u00e9tiquette orange. L&#039;arri\u00e8re-plan pr\u00e9sente des rayures diagonales color\u00e9es en vert, orange, rouge, rose et marron.\" data-testid=\"product-image\" data-image-id=\"4221\" style=\"object-fit:cover;\" loading=\"lazy\" srcset=\"https:\/\/www.montreuxjazzshop.com\/wp-content\/smush-webp\/2025\/09\/MJF25-Shooting-Lifestyle-Bonnet-Beige-1-web-300x300.jpg.webp 300w, https:\/\/www.montreuxjazzshop.com\/wp-content\/smush-webp\/2025\/09\/MJF25-Shooting-Lifestyle-Bonnet-Beige-1-web-100x100.jpg.webp 100w, https:\/\/www.montreuxjazzshop.com\/wp-content\/smush-webp\/2025\/09\/MJF25-Shooting-Lifestyle-Bonnet-Beige-1-web-600x600.jpg.webp 600w, https:\/\/www.montreuxjazzshop.com\/wp-content\/smush-webp\/2025\/09\/MJF25-Shooting-Lifestyle-Bonnet-Beige-1-web-1024x1024.jpg.webp 1024w, https:\/\/www.montreuxjazzshop.com\/wp-content\/smush-webp\/2025\/09\/MJF25-Shooting-Lifestyle-Bonnet-Beige-1-web-150x150.jpg.webp 150w, https:\/\/www.montreuxjazzshop.com\/wp-content\/smush-webp\/2025\/09\/MJF25-Shooting-Lifestyle-Bonnet-Beige-1-web-768x768.jpg.webp 768w, https:\/\/www.montreuxjazzshop.com\/wp-content\/smush-webp\/2025\/09\/MJF25-Shooting-Lifestyle-Bonnet-Beige-1-web-50x50.jpg.webp 50w, https:\/\/www.montreuxjazzshop.com\/wp-content\/smush-webp\/2025\/09\/MJF25-Shooting-Lifestyle-Bonnet-Beige-1-web.jpg.webp 1500w\" sizes=\"auto, (max-width: 300px) 100vw, 300px\" decoding=\"async\" \/><div class=\"wc-block-components-product-image__inner-container\"><\/div><\/a><\/div>        <img decoding=\"async\"\n                class=\"absolute top-0 left-0 !w-full !h-full object-cover opacity-0 group-hover:opacity-100 transition-opacity duration-500 !m-0 pointer-events-none\"\n                src=\"https:\/\/www.montreuxjazzshop.com\/wp-content\/smush-webp\/2025\/05\/MJF24-Bonnet-Blanc-2-72dpi.jpg.webp\"\n                srcset=\"https:\/\/www.montreuxjazzshop.com\/wp-content\/smush-webp\/2025\/05\/MJF24-Bonnet-Blanc-2-72dpi-300x300.jpg.webp 300w, https:\/\/www.montreuxjazzshop.com\/wp-content\/smush-webp\/2025\/05\/MJF24-Bonnet-Blanc-2-72dpi-100x100.jpg.webp 100w, https:\/\/www.montreuxjazzshop.com\/wp-content\/smush-webp\/2025\/05\/MJF24-Bonnet-Blanc-2-72dpi-600x600.jpg.webp 600w, https:\/\/www.montreuxjazzshop.com\/wp-content\/smush-webp\/2025\/05\/MJF24-Bonnet-Blanc-2-72dpi-1024x1024.jpg.webp 1024w, https:\/\/www.montreuxjazzshop.com\/wp-content\/smush-webp\/2025\/05\/MJF24-Bonnet-Blanc-2-72dpi-150x150.jpg.webp 150w, https:\/\/www.montreuxjazzshop.com\/wp-content\/smush-webp\/2025\/05\/MJF24-Bonnet-Blanc-2-72dpi-768x768.jpg.webp 768w, https:\/\/www.montreuxjazzshop.com\/wp-content\/smush-webp\/2025\/05\/MJF24-Bonnet-Blanc-2-72dpi.jpg.webp 1500w\"\n                alt=\"Bonnet beige, Montreux Jazz Festival\"\n                loading=\"lazy\"\n        \/>\n    <div data-block-name=\"woocommerce\/product-button\" data-show-quantity=\"false\" class=\"wp-block-button wc-block-components-product-button   align- wp-block-woocommerce-product-button\"\n\t\t\t\t\t\n\t\t\tdata-wp-interactive=\"woocommerce\/product-button\"\n\t\t\n\t\t\t\t\tdata-wp-context='{\"quantityToAdd\":1,\"productId\":4189,\"productType\":\"simple\",\"addToCartText\":\"+\",\"tempQuantity\":0,\"animationStatus\":\"IDLE\",\"inTheCartText\":\"### dans le panier\",\"noticeId\":\"\",\"hasPressedButton\":false}'\n\t\t\t\t>\n\t\t\t\t\t<button\n\t\t\t\t\t\tclass=\"wp-block-button__link wp-element-button wc-block-components-product-button__button add_to_cart_button ajax_add_to_cart product_type_simple wc-interactive\"\n\t\t\t\t\t\tstyle=\"\"\n\t\t\t\t\t\ttype=\"button\" data-product_id=\"4189\" data-product_sku=\"3070100502024\" aria-label=\"Ajouter au panier\u00a0: &ldquo;Bonnet beige, Montreux Jazz Festival&rdquo;\"\n\t\t\t\t\t\tdata-wp-on--click=\"actions.addCartItem\"\n\t\t\t\t\t>\n\t\t\t\t\t<span \n\t\t\tdata-wp-text=\"state.addToCartText\"\n\t\t\tdata-wp-class--wc-block-slide-in=\"state.slideInAnimation\"\n\t\t\tdata-wp-class--wc-block-slide-out=\"state.slideOutAnimation\"\n\t\t\tdata-wp-on--animationend=\"actions.handleAnimationEnd\"\n\t\t\tdata-wp-watch=\"callbacks.startAnimation\"\n\t\t\tdata-wp-run=\"callbacks.syncTempQuantityOnLoad\"\n\t\t>+<\/span>\n\t\t\t\t\t<\/button>\n\t\t\t\t\t<span\n\t\t\t\thidden\n\t\t\t\tdata-wp-bind--hidden=\"!state.displayViewCart\"\n\t\t\t>\n\t\t\t\t<a\n\t\t\t\t\thref=\"https:\/\/www.montreuxjazzshop.com\/fr\/panier\/\"\n\t\t\t\t\tclass=\"added_to_cart wc_forward\"\n\t\t\t\t\ttitle=\"Voir le panier\"\n\t\t\t\t>\n\t\t\t\t\tVoir le panier\n\t\t\t\t<\/a>\n\t\t\t<\/span>\n\t\t\t\t<\/div>\n      <\/div>\n\n   <div class=\"mb-3 font-bold has-small-font-size\">\n       Bonnet beige, Montreux Jazz Festival  <\/div>\n\n  <div data-block-name=\"woocommerce\/product-price\" data-font-size=\"small\" data-text-align=\"left\" class=\"has-font-size has-small-font-size has-text-align-left wp-block-woocommerce-product-price has-small-font-size\" ><div class=\"wc-block-components-product-price wc-block-grid__product-price price\" >\n\t\t\t\t\t<span class=\"woocommerce-Price-amount amount\"><bdi><span class=\"woocommerce-Price-currencySymbol\">&#67;&#72;&#70;<\/span>&nbsp;49<\/bdi><\/span>\n\t\t\t\t<\/div><\/div>\n<\/div>\n\n                                <\/ul>\n\n                        <\/section>\n\n\n    <\/div>\n<\/div><\/div>\n\n\n\n<div class=\"wp-block-buttons gm-home__button is-content-justification-center is-layout-flex wp-container-core-buttons-is-layout-fe1bbffc wp-block-buttons-is-layout-flex\" style=\"padding-top:var(--wp--preset--spacing--30);padding-bottom:var(--wp--preset--spacing--30)\">\n<div class=\"wp-block-button\"><a class=\"wp-block-button__link wp-element-button\" href=\"https:\/\/www.montreuxjazzshop.com\/fr\/boutique-categorie\/last-chance\/\">Voir plus<\/a><\/div>\n<\/div>\n<\/div>\n\n\n\n<div class=\"wp-block-group alignwide gm-home__cta has-gray-100-color has-primary-background-color has-text-color has-background has-link-color wp-elements-165f5f180a17c8afcf5e3c97e5e53ed7 has-global-padding is-layout-constrained wp-block-group-is-layout-constrained\" style=\"padding-top:var(--wp--preset--spacing--70);padding-bottom:var(--wp--preset--spacing--70)\">\n<h1 class=\"wp-block-heading has-text-align-center\" id=\"h-rencontre-avec-les-artistes-qui-ont-dessine-le-festival\">Rencontre avec les artistes qui ont dessin\u00e9 le Festival<\/h1>\n\n\n\n<p class=\"has-text-align-center\">Depuis 1967, le Festival a confi\u00e9 la cr\u00e9ation de son affiche officielle \u00e0 des artistes suisses et internationaux. Keith Haring a r\u00e9alis\u00e9 un trio d\u2019affiches en 1983, puis s\u2019est associ\u00e9 \u00e0 Andy Warhol pour une autre en 1986. David Bowie a r\u00e9alis\u00e9 une affiche en 1995, et plus r\u00e9cemment Yoann Lemoine (alias Woodkid) et Malika Favre ont fait de m\u00eame.<\/p>\n\n\n\n<div style=\"height:20px\" aria-hidden=\"true\" class=\"wp-block-spacer\"><\/div>\n\n\n\n<div class=\"wp-block-buttons is-content-justification-center is-layout-flex wp-container-core-buttons-is-layout-a89b3969 wp-block-buttons-is-layout-flex\">\n<div class=\"wp-block-button is-style-outline is-style-outline--1\"><a class=\"wp-block-button__link wp-element-button\" href=\"https:\/\/dev2026.montreuxjazzshop.com\/fr\/artistes\/\">En savoir plus<\/a><\/div>\n<\/div>\n<\/div>\n\n\n\n<div style=\"height:var(--wp--preset--spacing--60)\" aria-hidden=\"true\" class=\"wp-block-spacer\"><\/div>\n\n\n\n<div class=\"wp-block-group alignwide gm-home__newsletter has-gray-150-background-color has-background has-global-padding is-layout-constrained wp-container-core-group-is-layout-1e77c94a wp-block-group-is-layout-constrained\" style=\"padding-top:var(--wp--preset--spacing--60);padding-bottom:var(--wp--preset--spacing--60)\">\n<h2 class=\"wp-block-heading has-text-align-center\" id=\"h-newsletter\">Newsletter<\/h2>\n\n\n\n<p class=\"is-style-default\" style=\"font-size:clamp(0.875rem, 0.875rem + ((1vw - 0.2rem) * 0.039), 0.9rem);\">Abonne-toi \u00e0 notre newsletter d\u00e9di\u00e9e au <strong>merch officiel<\/strong> : nouvelles collections, \u00e9ditions limit\u00e9es, r\u00e9assorts et offres exclusives\u2026 directement dans ta bo\u00eete mail.<\/p>\n\n\n<script type=\"text\/javascript\">\n\/* <![CDATA[ *\/\nvar gform;gform||(document.addEventListener(\"gform_main_scripts_loaded\",function(){gform.scriptsLoaded=!0}),document.addEventListener(\"gform\/theme\/scripts_loaded\",function(){gform.themeScriptsLoaded=!0}),window.addEventListener(\"DOMContentLoaded\",function(){gform.domLoaded=!0}),gform={domLoaded:!1,scriptsLoaded:!1,themeScriptsLoaded:!1,isFormEditor:()=>\"function\"==typeof InitializeEditor,callIfLoaded:function(o){return!(!gform.domLoaded||!gform.scriptsLoaded||!gform.themeScriptsLoaded&&!gform.isFormEditor()||(gform.isFormEditor()&&console.warn(\"The use of gform.initializeOnLoaded() is deprecated in the form editor context and will be removed in Gravity Forms 3.1.\"),o(),0))},initializeOnLoaded:function(o){gform.callIfLoaded(o)||(document.addEventListener(\"gform_main_scripts_loaded\",()=>{gform.scriptsLoaded=!0,gform.callIfLoaded(o)}),document.addEventListener(\"gform\/theme\/scripts_loaded\",()=>{gform.themeScriptsLoaded=!0,gform.callIfLoaded(o)}),window.addEventListener(\"DOMContentLoaded\",()=>{gform.domLoaded=!0,gform.callIfLoaded(o)}))},hooks:{action:{},filter:{}},addAction:function(o,r,e,t){gform.addHook(\"action\",o,r,e,t)},addFilter:function(o,r,e,t){gform.addHook(\"filter\",o,r,e,t)},doAction:function(o){gform.doHook(\"action\",o,arguments)},applyFilters:function(o){return gform.doHook(\"filter\",o,arguments)},removeAction:function(o,r){gform.removeHook(\"action\",o,r)},removeFilter:function(o,r,e){gform.removeHook(\"filter\",o,r,e)},addHook:function(o,r,e,t,n){null==gform.hooks[o][r]&&(gform.hooks[o][r]=[]);var d=gform.hooks[o][r];null==n&&(n=r+\"_\"+d.length),gform.hooks[o][r].push({tag:n,callable:e,priority:t=null==t?10:t})},doHook:function(r,o,e){var t;if(e=Array.prototype.slice.call(e,1),null!=gform.hooks[r][o]&&((o=gform.hooks[r][o]).sort(function(o,r){return o.priority-r.priority}),o.forEach(function(o){\"function\"!=typeof(t=o.callable)&&(t=window[t]),\"action\"==r?t.apply(null,e):e[0]=t.apply(null,e)})),\"filter\"==r)return e[0]},removeHook:function(o,r,t,n){var e;null!=gform.hooks[o][r]&&(e=(e=gform.hooks[o][r]).filter(function(o,r,e){return!!(null!=n&&n!=o.tag||null!=t&&t!=o.priority)}),gform.hooks[o][r]=e)}});\n\/* ]]> *\/\n<\/script>\n\n                <div class='gf_browser_gecko gform_wrapper gform-theme gform-theme--foundation gform-theme--framework gform-theme--orbital' data-form-theme='orbital' data-form-index='0' id='gform_wrapper_1' ><style>#gform_wrapper_1[data-form-index=\"0\"].gform-theme,[data-parent-form=\"1_0\"]{--gf-color-primary: #000000;--gf-color-primary-rgb: 0, 0, 0;--gf-color-primary-contrast: #fff;--gf-color-primary-contrast-rgb: 255, 255, 255;--gf-color-primary-darker: #000000;--gf-color-primary-lighter: #323232;--gf-color-secondary: #fff;--gf-color-secondary-rgb: 255, 255, 255;--gf-color-secondary-contrast: #112337;--gf-color-secondary-contrast-rgb: 17, 35, 55;--gf-color-secondary-darker: #F5F5F5;--gf-color-secondary-lighter: #FFFFFF;--gf-color-out-ctrl-light: rgba(17, 35, 55, 0.1);--gf-color-out-ctrl-light-rgb: 17, 35, 55;--gf-color-out-ctrl-light-darker: rgba(104, 110, 119, 0.35);--gf-color-out-ctrl-light-lighter: #F5F5F5;--gf-color-out-ctrl-dark: #585e6a;--gf-color-out-ctrl-dark-rgb: 88, 94, 106;--gf-color-out-ctrl-dark-darker: #112337;--gf-color-out-ctrl-dark-lighter: rgba(17, 35, 55, 0.65);--gf-color-in-ctrl: #fff;--gf-color-in-ctrl-rgb: 255, 255, 255;--gf-color-in-ctrl-contrast: #112337;--gf-color-in-ctrl-contrast-rgb: 17, 35, 55;--gf-color-in-ctrl-darker: #F5F5F5;--gf-color-in-ctrl-lighter: #FFFFFF;--gf-color-in-ctrl-primary: #000000;--gf-color-in-ctrl-primary-rgb: 0, 0, 0;--gf-color-in-ctrl-primary-contrast: #fff;--gf-color-in-ctrl-primary-contrast-rgb: 255, 255, 255;--gf-color-in-ctrl-primary-darker: #000000;--gf-color-in-ctrl-primary-lighter: #323232;--gf-color-in-ctrl-light: rgba(17, 35, 55, 0.1);--gf-color-in-ctrl-light-rgb: 17, 35, 55;--gf-color-in-ctrl-light-darker: rgba(104, 110, 119, 0.35);--gf-color-in-ctrl-light-lighter: #F5F5F5;--gf-color-in-ctrl-dark: #585e6a;--gf-color-in-ctrl-dark-rgb: 88, 94, 106;--gf-color-in-ctrl-dark-darker: #112337;--gf-color-in-ctrl-dark-lighter: rgba(17, 35, 55, 0.65);--gf-radius: 0px;--gf-font-size-secondary: 14px;--gf-font-size-tertiary: 13px;--gf-icon-ctrl-number: url(\"data:image\/svg+xml,%3Csvg width='8' height='14' viewBox='0 0 8 14' fill='none' xmlns='http:\/\/www.w3.org\/2000\/svg'%3E%3Cpath fill-rule='evenodd' clip-rule='evenodd' d='M4 0C4.26522 5.96046e-08 4.51957 0.105357 4.70711 0.292893L7.70711 3.29289C8.09763 3.68342 8.09763 4.31658 7.70711 4.70711C7.31658 5.09763 6.68342 5.09763 6.29289 4.70711L4 2.41421L1.70711 4.70711C1.31658 5.09763 0.683417 5.09763 0.292893 4.70711C-0.0976311 4.31658 -0.097631 3.68342 0.292893 3.29289L3.29289 0.292893C3.48043 0.105357 3.73478 0 4 0ZM0.292893 9.29289C0.683417 8.90237 1.31658 8.90237 1.70711 9.29289L4 11.5858L6.29289 9.29289C6.68342 8.90237 7.31658 8.90237 7.70711 9.29289C8.09763 9.68342 8.09763 10.3166 7.70711 10.7071L4.70711 13.7071C4.31658 14.0976 3.68342 14.0976 3.29289 13.7071L0.292893 10.7071C-0.0976311 10.3166 -0.0976311 9.68342 0.292893 9.29289Z' fill='rgba(17, 35, 55, 0.65)'\/%3E%3C\/svg%3E\");--gf-icon-ctrl-select: url(\"data:image\/svg+xml,%3Csvg width='10' height='6' viewBox='0 0 10 6' fill='none' xmlns='http:\/\/www.w3.org\/2000\/svg'%3E%3Cpath fill-rule='evenodd' clip-rule='evenodd' d='M0.292893 0.292893C0.683417 -0.097631 1.31658 -0.097631 1.70711 0.292893L5 3.58579L8.29289 0.292893C8.68342 -0.0976311 9.31658 -0.0976311 9.70711 0.292893C10.0976 0.683417 10.0976 1.31658 9.70711 1.70711L5.70711 5.70711C5.31658 6.09763 4.68342 6.09763 4.29289 5.70711L0.292893 1.70711C-0.0976311 1.31658 -0.0976311 0.683418 0.292893 0.292893Z' fill='rgba(17, 35, 55, 0.65)'\/%3E%3C\/svg%3E\");--gf-icon-ctrl-search: url(\"data:image\/svg+xml,%3Csvg width='640' height='640' xmlns='http:\/\/www.w3.org\/2000\/svg'%3E%3Cpath d='M256 128c-70.692 0-128 57.308-128 128 0 70.691 57.308 128 128 128 70.691 0 128-57.309 128-128 0-70.692-57.309-128-128-128zM64 256c0-106.039 85.961-192 192-192s192 85.961 192 192c0 41.466-13.146 79.863-35.498 111.248l154.125 154.125c12.496 12.496 12.496 32.758 0 45.254s-32.758 12.496-45.254 0L367.248 412.502C335.862 434.854 297.467 448 256 448c-106.039 0-192-85.962-192-192z' fill='rgba(17, 35, 55, 0.65)'\/%3E%3C\/svg%3E\");--gf-label-space-y-secondary: var(--gf-label-space-y-md-secondary);--gf-ctrl-border-color: #686e77;--gf-ctrl-size: var(--gf-ctrl-size-md);--gf-ctrl-label-color-primary: #112337;--gf-ctrl-label-color-secondary: #112337;--gf-ctrl-choice-size: var(--gf-ctrl-choice-size-md);--gf-ctrl-checkbox-check-size: var(--gf-ctrl-checkbox-check-size-md);--gf-ctrl-radio-check-size: var(--gf-ctrl-radio-check-size-md);--gf-ctrl-btn-font-size: var(--gf-ctrl-btn-font-size-md);--gf-ctrl-btn-padding-x: var(--gf-ctrl-btn-padding-x-md);--gf-ctrl-btn-size: var(--gf-ctrl-btn-size-md);--gf-ctrl-btn-border-color-secondary: #686e77;--gf-ctrl-file-btn-bg-color-hover: #EBEBEB;--gf-field-img-choice-size: var(--gf-field-img-choice-size-md);--gf-field-img-choice-card-space: var(--gf-field-img-choice-card-space-md);--gf-field-img-choice-check-ind-size: var(--gf-field-img-choice-check-ind-size-md);--gf-field-img-choice-check-ind-icon-size: var(--gf-field-img-choice-check-ind-icon-size-md);--gf-field-pg-steps-number-color: rgba(17, 35, 55, 0.8);}<\/style><div id='gf_1' class='gform_anchor' tabindex='-1'><\/div><form method='post' enctype='multipart\/form-data' target='gform_ajax_frame_1' id='gform_1'  action='\/fr\/wp-json\/wp\/v2\/pages\/2#gf_1' data-formid='1' novalidate>\n                        <div class='gform-body gform_body'><div id='gform_fields_1' class='gform_fields top_label form_sublabel_below description_below validation_below'><div id=\"field_1_5\" class=\"gfield gfield--type-text gfield--input-type-text gfield--width-full field_sublabel_below gfield--no-description field_description_below hidden_label field_validation_below gfield_visibility_visible\"  ><label class='gfield_label gform-field-label' for='input_1_5'>Nom<\/label><div class='ginput_container ginput_container_text'><input name='input_5' id='input_1_5' type='text' value='' class='large'    placeholder='Nom'  aria-invalid=\"false\"   \/><\/div><\/div><div id=\"field_1_3\" class=\"gfield gfield--type-email gfield--input-type-email gfield--width-full field_sublabel_below gfield--no-description field_description_below hidden_label field_validation_below gfield_visibility_visible\"  ><label class='gfield_label gform-field-label' for='input_1_3'>E-mail<\/label><div class='ginput_container ginput_container_email'>\n                            <input name='input_3' id='input_1_3' type='email' value='' class='large'   placeholder='Email'  aria-invalid=\"false\"  \/>\n                        <\/div><\/div><\/div><\/div>\n        <div class='gform-footer gform_footer top_label'> <input type='submit' id='gform_submit_button_1' class='gform_button button' onclick='gform.submission.handleButtonClick(this);' data-submission-type='submit' value='S&#039;inscrire'  \/> <input type='hidden' name='gform_ajax' value='form_id=1&amp;title=&amp;description=&amp;tabindex=0&amp;theme=orbital&amp;styles={&quot;theme&quot;:&quot;orbital&quot;,&quot;inputBorderRadius&quot;:&quot;0&quot;,&quot;inputPrimaryColor&quot;:&quot;#000000&quot;,&quot;buttonPrimaryBackgroundColor&quot;:&quot;#000000&quot;}&amp;hash=93d593ab84406645d68cbef8213d021d' \/>\n            <input type='hidden' class='gform_hidden' name='gform_submission_method' data-js='gform_submission_method_1' value='iframe' \/>\n            <input type='hidden' class='gform_hidden' name='gform_theme' data-js='gform_theme_1' id='gform_theme_1' value='orbital' \/>\n            <input type='hidden' class='gform_hidden' name='gform_style_settings' data-js='gform_style_settings_1' id='gform_style_settings_1' value='{&quot;theme&quot;:&quot;orbital&quot;,&quot;inputBorderRadius&quot;:&quot;0&quot;,&quot;inputPrimaryColor&quot;:&quot;#000000&quot;,&quot;buttonPrimaryBackgroundColor&quot;:&quot;#000000&quot;}' \/>\n            <input type='hidden' class='gform_hidden' name='is_submit_1' value='1' \/>\n            <input type='hidden' class='gform_hidden' name='gform_submit' value='1' \/>\n            \n            <input type='hidden' class='gform_hidden' name='gform_currency' data-currency='CHF' value='GWUImUc4McfZ2svc+RVr+KJTYgDR\/EEjmRb9NnkvmVSugMJRH\/jVQztYhcug+o5NDEXKX4dnrtuWjPOfnK\/zCdAGP3vvVNzfPiRnXIe\/iCW\/lvE=' \/>\n            <input type='hidden' class='gform_hidden' name='gform_unique_id' value='' \/>\n            <input type='hidden' class='gform_hidden' name='state_1' value='WyJbXSIsImU1YTRhMjUxNGRlMTM1YTliZTI0ODUzZDI0YjhjNzRkIl0=' \/>\n            <input type='hidden' autocomplete='off' class='gform_hidden' name='gform_target_page_number_1' id='gform_target_page_number_1' value='0' \/>\n            <input type='hidden' autocomplete='off' class='gform_hidden' name='gform_source_page_number_1' id='gform_source_page_number_1' value='1' \/>\n            <input type='hidden' name='gform_field_values' value='' \/>\n            \n        <\/div>\n                        <\/form>\n                        <\/div>\n\t\t                <iframe style='display:none;width:0px;height:0px;' src='about:blank' name='gform_ajax_frame_1' id='gform_ajax_frame_1' title='Cette iframe contient la logique n\u00e9cessaire pour manipuler Gravity Forms avec Ajax.'><\/iframe>\n\t\t                <script type=\"text\/javascript\">\n\/* <![CDATA[ *\/\n gform.initializeOnLoaded( function() {gformInitSpinner( 1, 'https:\/\/www.montreuxjazzshop.com\/wp-content\/plugins\/gravityforms\/images\/spinner.svg', false );jQuery('#gform_ajax_frame_1').on('load',function(){var contents = jQuery(this).contents().find('*').html();var is_postback = contents.indexOf('GF_AJAX_POSTBACK') >= 0;if(!is_postback){return;}var form_content = jQuery(this).contents().find('#gform_wrapper_1');var is_confirmation = jQuery(this).contents().find('#gform_confirmation_wrapper_1').length > 0;var is_redirect = contents.indexOf('gformRedirect(){') >= 0;var is_form = form_content.length > 0 && ! is_redirect && ! is_confirmation;var mt = parseInt(jQuery('html').css('margin-top'), 10) + parseInt(jQuery('body').css('margin-top'), 10) + 100;if(is_form){jQuery('#gform_wrapper_1').html(form_content.html());if(form_content.hasClass('gform_validation_error')){jQuery('#gform_wrapper_1').addClass('gform_validation_error');} else {jQuery('#gform_wrapper_1').removeClass('gform_validation_error');}setTimeout( function() { \/* delay the scroll by 50 milliseconds to fix a bug in chrome *\/ jQuery(document).scrollTop(jQuery('#gform_wrapper_1').offset().top - mt); }, 50 );if(window['gformInitDatepicker']) {gformInitDatepicker();}if(window['gformInitPriceFields']) {gformInitPriceFields();}var current_page = jQuery('#gform_source_page_number_1').val();gformInitSpinner( 1, 'https:\/\/www.montreuxjazzshop.com\/wp-content\/plugins\/gravityforms\/images\/spinner.svg', false );jQuery(document).trigger('gform_page_loaded', [1, current_page]);window['gf_submitting_1'] = false;}else if(!is_redirect){var confirmation_content = jQuery(this).contents().find('.GF_AJAX_POSTBACK').html();if(!confirmation_content){confirmation_content = contents;}jQuery('#gform_wrapper_1').replaceWith(confirmation_content);jQuery(document).scrollTop(jQuery('#gf_1').offset().top - mt);jQuery(document).trigger('gform_confirmation_loaded', [1]);window['gf_submitting_1'] = false;wp.a11y.speak(jQuery('#gform_confirmation_message_1').text());}else{jQuery('#gform_1').append(contents);if(window['gformRedirect']) {gformRedirect();}}jQuery(document).trigger(\"gform_pre_post_render\", [{ formId: \"1\", currentPage: \"current_page\", abort: function() { this.preventDefault(); } }]);        if (event && event.defaultPrevented) {                return;        }        const gformWrapperDiv = document.getElementById( \"gform_wrapper_1\" );        if ( gformWrapperDiv ) {            const visibilitySpan = document.createElement( \"span\" );            visibilitySpan.id = \"gform_visibility_test_1\";            gformWrapperDiv.insertAdjacentElement( \"afterend\", visibilitySpan );        }        const visibilityTestDiv = document.getElementById( \"gform_visibility_test_1\" );        let postRenderFired = false;        function triggerPostRender() {            if ( postRenderFired ) {                return;            }            postRenderFired = true;            gform.core.triggerPostRenderEvents( 1, current_page );            if ( visibilityTestDiv ) {                visibilityTestDiv.parentNode.removeChild( visibilityTestDiv );            }        }        function debounce( func, wait, immediate ) {            var timeout;            return function() {                var context = this, args = arguments;                var later = function() {                    timeout = null;                    if ( !immediate ) func.apply( context, args );                };                var callNow = immediate && !timeout;                clearTimeout( timeout );                timeout = setTimeout( later, wait );                if ( callNow ) func.apply( context, args );            };        }        const debouncedTriggerPostRender = debounce( function() {            triggerPostRender();        }, 200 );        if ( visibilityTestDiv && visibilityTestDiv.offsetParent === null ) {            const observer = new MutationObserver( ( mutations ) => {                mutations.forEach( ( mutation ) => {                    if ( mutation.type === 'attributes' && visibilityTestDiv.offsetParent !== null ) {                        debouncedTriggerPostRender();                        observer.disconnect();                    }                });            });            observer.observe( document.body, {                attributes: true,                childList: false,                subtree: true,                attributeFilter: [ 'style', 'class' ],            });        } else {            triggerPostRender();        }    } );} ); \n\/* ]]> *\/\n<\/script>\n<\/div>\n","protected":false},"excerpt":{"rendered":"<p>60e MONTREUX JAZZ FESTIVAL Une affiche Haute Couture sign\u00e9e K\u00e9vin Germanier Highlights Best-sellers &amp; coups de c\u0153ur D\u00e9couvrez notre univers Last chance Rencontre avec les artistes qui ont dessin\u00e9 le Festival Depuis 1967, le Festival a confi\u00e9 la cr\u00e9ation de son affiche officielle \u00e0 des artistes suisses et internationaux. Keith Haring a r\u00e9alis\u00e9 un trio [&hellip;]<\/p>\n","protected":false},"author":1,"featured_media":0,"parent":0,"menu_order":0,"comment_status":"closed","ping_status":"closed","template":"","meta":{"_acf_changed":false,"footnotes":""},"class_list":["post-2","page","type-page","status-publish","hentry"],"acf":[],"yoast_head":"<!-- This site is optimized with the Yoast SEO Premium plugin v26.4 (Yoast SEO v27.4) - https:\/\/yoast.com\/product\/yoast-seo-premium-wordpress\/ -->\n<title>Boutique - Montreux Jazz Festival Shop<\/title>\n<meta name=\"description\" content=\"Boutique officielle du Montreux Jazz Festival : affiches iconiques, T-shirts, accessoires et produits d\u00e9riv\u00e9s de la collection.\" \/>\n<meta name=\"robots\" content=\"index, follow, max-snippet:-1, max-image-preview:large, max-video-preview:-1\" \/>\n<link rel=\"canonical\" href=\"https:\/\/www.montreuxjazzshop.com\/fr\/\" \/>\n<link rel=\"next\" href=\"https:\/\/www.montreuxjazzshop.com\/fr\/page\/2\/\" \/>\n<meta property=\"og:locale\" content=\"fr_FR\" \/>\n<meta property=\"og:type\" content=\"article\" \/>\n<meta property=\"og:title\" content=\"Home\" \/>\n<meta property=\"og:description\" content=\"Boutique officielle du Montreux Jazz Festival : affiches iconiques, T-shirts, accessoires et produits d\u00e9riv\u00e9s de la collection.\" \/>\n<meta property=\"og:url\" content=\"https:\/\/www.montreuxjazzshop.com\/fr\/\" \/>\n<meta property=\"og:site_name\" content=\"Montreux Jazz Festival Shop\" \/>\n<meta property=\"article:publisher\" content=\"https:\/\/www.facebook.com\/montreuxjazzfestival\" \/>\n<meta property=\"article:modified_time\" content=\"2026-03-20T08:49:41+00:00\" \/>\n<meta property=\"og:image\" content=\"https:\/\/www.montreuxjazzshop.com\/wp-content\/uploads\/2026\/03\/MJF26-Davide-Bowie-Live-at-montreux.jpg\" \/>\n\t<meta property=\"og:image:width\" content=\"2458\" \/>\n\t<meta property=\"og:image:height\" content=\"1848\" \/>\n\t<meta property=\"og:image:type\" content=\"image\/jpeg\" \/>\n<meta name=\"twitter:card\" content=\"summary_large_image\" \/>\n<meta name=\"twitter:site\" content=\"@MontreuxJazz\" \/>\n<script type=\"application\/ld+json\" class=\"yoast-schema-graph\">{\"@context\":\"https:\\\/\\\/schema.org\",\"@graph\":[{\"@type\":\"WebPage\",\"@id\":\"https:\\\/\\\/www.montreuxjazzshop.com\\\/fr\\\/\",\"url\":\"https:\\\/\\\/www.montreuxjazzshop.com\\\/fr\\\/\",\"name\":\"Home - Montreux Jazz Festival Shop\",\"isPartOf\":{\"@id\":\"https:\\\/\\\/www.montreuxjazzshop.com\\\/fr\\\/#website\"},\"primaryImageOfPage\":{\"@id\":\"https:\\\/\\\/www.montreuxjazzshop.com\\\/fr\\\/#primaryimage\"},\"image\":{\"@id\":\"https:\\\/\\\/www.montreuxjazzshop.com\\\/fr\\\/#primaryimage\"},\"thumbnailUrl\":\"https:\\\/\\\/www.montreuxjazzshop.com\\\/wp-content\\\/uploads\\\/2026\\\/03\\\/MJF26-Davide-Bowie-Live-at-montreux-1024x770.jpg\",\"datePublished\":\"2025-05-07T12:38:11+00:00\",\"dateModified\":\"2026-03-20T08:49:41+00:00\",\"description\":\"Boutique officielle du Montreux Jazz Festival : affiches iconiques, T-shirts, accessoires et produits d\u00e9riv\u00e9s de la collection.\",\"breadcrumb\":{\"@id\":\"https:\\\/\\\/www.montreuxjazzshop.com\\\/fr\\\/#breadcrumb\"},\"inLanguage\":\"fr-FR\",\"potentialAction\":[{\"@type\":\"ReadAction\",\"target\":[\"https:\\\/\\\/www.montreuxjazzshop.com\\\/fr\\\/\"]}]},{\"@type\":\"ImageObject\",\"inLanguage\":\"fr-FR\",\"@id\":\"https:\\\/\\\/www.montreuxjazzshop.com\\\/fr\\\/#primaryimage\",\"url\":\"https:\\\/\\\/www.montreuxjazzshop.com\\\/wp-content\\\/uploads\\\/2026\\\/03\\\/MJF26-Davide-Bowie-Live-at-montreux-1024x770.jpg\",\"contentUrl\":\"https:\\\/\\\/www.montreuxjazzshop.com\\\/wp-content\\\/uploads\\\/2026\\\/03\\\/MJF26-Davide-Bowie-Live-at-montreux-1024x770.jpg\"},{\"@type\":\"BreadcrumbList\",\"@id\":\"https:\\\/\\\/www.montreuxjazzshop.com\\\/fr\\\/#breadcrumb\",\"itemListElement\":[{\"@type\":\"ListItem\",\"position\":1,\"name\":\"Accueil\",\"item\":\"https:\\\/\\\/www.montreuxjazzshop.com\\\/fr\\\/\"},{\"@type\":\"ListItem\",\"position\":2,\"name\":\"Home\"}]},{\"@type\":\"WebSite\",\"@id\":\"https:\\\/\\\/www.montreuxjazzshop.com\\\/fr\\\/#website\",\"url\":\"https:\\\/\\\/www.montreuxjazzshop.com\\\/fr\\\/\",\"name\":\"Montreux Jazz Shop\",\"description\":\"The Montreux Jazz Festival shop\",\"potentialAction\":[{\"@type\":\"SearchAction\",\"target\":{\"@type\":\"EntryPoint\",\"urlTemplate\":\"https:\\\/\\\/www.montreuxjazzshop.com\\\/fr\\\/?s={search_term_string}\"},\"query-input\":{\"@type\":\"PropertyValueSpecification\",\"valueRequired\":true,\"valueName\":\"search_term_string\"}}],\"inLanguage\":\"fr-FR\"}]}<\/script>\n<!-- \/ Yoast SEO Premium plugin. -->","yoast_head_json":{"title":"Boutique - Montreux Jazz Festival Shop","description":"Boutique officielle du Montreux Jazz Festival : affiches iconiques, T-shirts, accessoires et produits d\u00e9riv\u00e9s de la collection.","robots":{"index":"index","follow":"follow","max-snippet":"max-snippet:-1","max-image-preview":"max-image-preview:large","max-video-preview":"max-video-preview:-1"},"canonical":"https:\/\/www.montreuxjazzshop.com\/fr\/","next":"https:\/\/www.montreuxjazzshop.com\/fr\/page\/2\/","og_locale":"fr_FR","og_type":"article","og_title":"Home","og_description":"Boutique officielle du Montreux Jazz Festival : affiches iconiques, T-shirts, accessoires et produits d\u00e9riv\u00e9s de la collection.","og_url":"https:\/\/www.montreuxjazzshop.com\/fr\/","og_site_name":"Montreux Jazz Festival Shop","article_publisher":"https:\/\/www.facebook.com\/montreuxjazzfestival","article_modified_time":"2026-03-20T08:49:41+00:00","og_image":[{"width":2458,"height":1848,"url":"https:\/\/www.montreuxjazzshop.com\/wp-content\/uploads\/2026\/03\/MJF26-Davide-Bowie-Live-at-montreux.jpg","type":"image\/jpeg"}],"twitter_card":"summary_large_image","twitter_site":"@MontreuxJazz","schema":{"@context":"https:\/\/schema.org","@graph":[{"@type":"WebPage","@id":"https:\/\/www.montreuxjazzshop.com\/fr\/","url":"https:\/\/www.montreuxjazzshop.com\/fr\/","name":"Home - Montreux Jazz Festival Shop","isPartOf":{"@id":"https:\/\/www.montreuxjazzshop.com\/fr\/#website"},"primaryImageOfPage":{"@id":"https:\/\/www.montreuxjazzshop.com\/fr\/#primaryimage"},"image":{"@id":"https:\/\/www.montreuxjazzshop.com\/fr\/#primaryimage"},"thumbnailUrl":"https:\/\/www.montreuxjazzshop.com\/wp-content\/uploads\/2026\/03\/MJF26-Davide-Bowie-Live-at-montreux-1024x770.jpg","datePublished":"2025-05-07T12:38:11+00:00","dateModified":"2026-03-20T08:49:41+00:00","description":"Boutique officielle du Montreux Jazz Festival : affiches iconiques, T-shirts, accessoires et produits d\u00e9riv\u00e9s de la collection.","breadcrumb":{"@id":"https:\/\/www.montreuxjazzshop.com\/fr\/#breadcrumb"},"inLanguage":"fr-FR","potentialAction":[{"@type":"ReadAction","target":["https:\/\/www.montreuxjazzshop.com\/fr\/"]}]},{"@type":"ImageObject","inLanguage":"fr-FR","@id":"https:\/\/www.montreuxjazzshop.com\/fr\/#primaryimage","url":"https:\/\/www.montreuxjazzshop.com\/wp-content\/uploads\/2026\/03\/MJF26-Davide-Bowie-Live-at-montreux-1024x770.jpg","contentUrl":"https:\/\/www.montreuxjazzshop.com\/wp-content\/uploads\/2026\/03\/MJF26-Davide-Bowie-Live-at-montreux-1024x770.jpg"},{"@type":"BreadcrumbList","@id":"https:\/\/www.montreuxjazzshop.com\/fr\/#breadcrumb","itemListElement":[{"@type":"ListItem","position":1,"name":"Accueil","item":"https:\/\/www.montreuxjazzshop.com\/fr\/"},{"@type":"ListItem","position":2,"name":"Home"}]},{"@type":"WebSite","@id":"https:\/\/www.montreuxjazzshop.com\/fr\/#website","url":"https:\/\/www.montreuxjazzshop.com\/fr\/","name":"Montreux Jazz Shop","description":"The Montreux Jazz Festival shop","potentialAction":[{"@type":"SearchAction","target":{"@type":"EntryPoint","urlTemplate":"https:\/\/www.montreuxjazzshop.com\/fr\/?s={search_term_string}"},"query-input":{"@type":"PropertyValueSpecification","valueRequired":true,"valueName":"search_term_string"}}],"inLanguage":"fr-FR"}]}},"_links":{"self":[{"href":"https:\/\/www.montreuxjazzshop.com\/fr\/wp-json\/wp\/v2\/pages\/2","targetHints":{"allow":["GET"]}}],"collection":[{"href":"https:\/\/www.montreuxjazzshop.com\/fr\/wp-json\/wp\/v2\/pages"}],"about":[{"href":"https:\/\/www.montreuxjazzshop.com\/fr\/wp-json\/wp\/v2\/types\/page"}],"author":[{"embeddable":true,"href":"https:\/\/www.montreuxjazzshop.com\/fr\/wp-json\/wp\/v2\/users\/1"}],"replies":[{"embeddable":true,"href":"https:\/\/www.montreuxjazzshop.com\/fr\/wp-json\/wp\/v2\/comments?post=2"}],"version-history":[{"count":0,"href":"https:\/\/www.montreuxjazzshop.com\/fr\/wp-json\/wp\/v2\/pages\/2\/revisions"}],"wp:attachment":[{"href":"https:\/\/www.montreuxjazzshop.com\/fr\/wp-json\/wp\/v2\/media?parent=2"}],"curies":[{"name":"wp","href":"https:\/\/api.w.org\/{rel}","templated":true}]}}